{"id":147,"date":"2022-01-31T19:49:46","date_gmt":"2022-01-31T18:49:46","guid":{"rendered":"https:\/\/mittelstandstag.bvmw.de\/?page_id=147"},"modified":"2022-02-14T19:47:59","modified_gmt":"2022-02-14T18:47:59","slug":"jahresauftakt","status":"publish","type":"page","link":"https:\/\/mittelstandstag.bvmw.de\/","title":{"rendered":"Jahresauftakt"},"content":{"rendered":"\t\t<div data-elementor-type=\"wp-page\" data-elementor-id=\"147\" class=\"elementor elementor-147\" data-elementor-settings=\"[]\">\n\t\t\t\t\t\t\t<div class=\"elementor-section-wrap\">\n\t\t\t\t\t\t\t<section class=\"elementor-section elementor-top-section elementor-element elementor-element-66a2deea elementor-section-boxed elementor-section-height-default elementor-section-height-default\" data-id=\"66a2deea\" data-element_type=\"section\" data-settings=\"{&quot;background_background&quot;:&quot;classic&quot;}\">\n\t\t\t\t\t\t<div class=\"elementor-container elementor-column-gap-default\">\n\t\t\t\t\t<div class=\"elementor-column elementor-col-100 elementor-top-column elementor-element elementor-element-247af297\" data-id=\"247af297\" data-element_type=\"column\">\n\t\t\t<div class=\"elementor-widget-wrap elementor-element-populated\">\n\t\t\t\t\t\t\t\t<div class=\"elementor-element elementor-element-2024477 elementor-widget elementor-widget-image\" data-id=\"2024477\" data-element_type=\"widget\" data-widget_type=\"image.default\">\n\t\t\t\t<div class=\"elementor-widget-container\">\n\t\t\t<style>\/*! elementor - v3.5.4 - 23-01-2022 *\/\n.elementor-widget-image{text-align:center}.elementor-widget-image a{display:inline-block}.elementor-widget-image a img[src$=\".svg\"]{width:48px}.elementor-widget-image img{vertical-align:middle;display:inline-block}<\/style>\t\t\t\t\t\t\t\t\t\t\t\t<img width=\"3109\" height=\"1323\" src=\"https:\/\/mittelstandstag.bvmw.de\/wp-content\/uploads\/2022\/02\/header-text-logo.png\" class=\"attachment-full size-full\" alt=\"\" loading=\"lazy\" \/>\t\t\t\t\t\t\t\t\t\t\t\t\t\t\t<\/div>\n\t\t\t\t<\/div>\n\t\t\t\t\t<\/div>\n\t\t<\/div>\n\t\t\t\t\t\t\t<\/div>\n\t\t<\/section>\n\t\t\t\t<section class=\"elementor-section elementor-top-section elementor-element elementor-element-d697393 elementor-section-boxed elementor-section-height-default elementor-section-height-default\" data-id=\"d697393\" data-element_type=\"section\">\n\t\t\t\t\t\t<div class=\"elementor-container elementor-column-gap-default\">\n\t\t\t\t\t<div class=\"elementor-column elementor-col-33 elementor-top-column elementor-element elementor-element-e055217\" data-id=\"e055217\" data-element_type=\"column\">\n\t\t\t<div class=\"elementor-widget-wrap elementor-element-populated\">\n\t\t\t\t\t\t\t\t<div class=\"elementor-element elementor-element-5609a56 elementor-widget elementor-widget-e_image_hover_effects\" data-id=\"5609a56\" data-element_type=\"widget\" data-widget_type=\"e_image_hover_effects.default\">\n\t\t\t\t<div class=\"elementor-widget-container\">\n\t\t\t\t\t\t<div class=\"eihe-box eihe-fade-in-up eihe_center\">\n\t\t\t\t<img width=\"1080\" height=\"1080\" src=\"https:\/\/mittelstandstag.bvmw.de\/wp-content\/uploads\/2022\/02\/Kopie-von-Entwurf-Zitate-Neu-2.png\" class=\"attachment-full size-full\" alt=\"\" loading=\"lazy\" \/>\t\t\t\t<div class=\"eihe-caption\">\n\t\t\t\t\t<div class=\"eihe-title-cover\">\n\t\t\t\t\t\t\t\t\t\t\t\t<h2 class=\"eihe-title\">Markus Jerger<\/h2>\n\t\t\t\t\t\t\t\t\t\t\t<\/div>\n\t\t\t\t\t<p>Gesch\u00e4ftsf\u00fchrer Der Mittelstand.BVMW<\/p>\n\t\t\t\t<\/div>\n\t\t\t<\/div>\n\t\t\t\t<\/div>\n\t\t\t\t<\/div>\n\t\t\t\t\t<\/div>\n\t\t<\/div>\n\t\t\t\t<div class=\"elementor-column elementor-col-33 elementor-top-column elementor-element elementor-element-d7c3bfc\" data-id=\"d7c3bfc\" data-element_type=\"column\">\n\t\t\t<div class=\"elementor-widget-wrap elementor-element-populated\">\n\t\t\t\t\t\t\t\t<div class=\"elementor-element elementor-element-426a9d1 elementor-widget elementor-widget-e_image_hover_effects\" data-id=\"426a9d1\" data-element_type=\"widget\" data-widget_type=\"e_image_hover_effects.default\">\n\t\t\t\t<div class=\"elementor-widget-container\">\n\t\t\t\t\t\t<div class=\"eihe-box eihe-fade-in-up eihe_center\">\n\t\t\t\t<img width=\"834\" height=\"834\" src=\"https:\/\/mittelstandstag.bvmw.de\/wp-content\/uploads\/2022\/02\/BM-Dr.-Robert-Habeck-Dominik-Butzmann-1.jpg-1.jpg\" class=\"attachment-full size-full\" alt=\"\" loading=\"lazy\" \/>\t\t\t\t<div class=\"eihe-caption\">\n\t\t\t\t\t<div class=\"eihe-title-cover\">\n\t\t\t\t\t\t\t\t\t\t\t\t<h2 class=\"eihe-title\">Dr. Robert Habeck<\/h2>\n\t\t\t\t\t\t\t\t\t\t\t<\/div>\n\t\t\t\t\t<p>Stellvertreter des Bundeskanzlers und Bundesminister f\u00fcr Wirtschaft \tund Klimaschutz\nB\u00fcndnis 90 \/ Die Gr\u00fcnen<\/p>\n\t\t\t\t<\/div>\n\t\t\t<\/div>\n\t\t\t\t<\/div>\n\t\t\t\t<\/div>\n\t\t\t\t\t<\/div>\n\t\t<\/div>\n\t\t\t\t<div class=\"elementor-column elementor-col-33 elementor-top-column elementor-element elementor-element-41d228e\" data-id=\"41d228e\" data-element_type=\"column\">\n\t\t\t<div class=\"elementor-widget-wrap elementor-element-populated\">\n\t\t\t\t\t\t\t\t<div class=\"elementor-element elementor-element-6f52700 elementor-widget elementor-widget-e_image_hover_effects\" data-id=\"6f52700\" data-element_type=\"widget\" data-widget_type=\"e_image_hover_effects.default\">\n\t\t\t\t<div class=\"elementor-widget-container\">\n\t\t\t\t\t\t<div class=\"eihe-box eihe-fade-in-up eihe_center\">\n\t\t\t\t<img width=\"700\" height=\"700\" src=\"https:\/\/mittelstandstag.bvmw.de\/wp-content\/uploads\/2022\/02\/Christian-Lindner.jpg-1.jpeg\" class=\"attachment-full size-full\" alt=\"\" loading=\"lazy\" \/>\t\t\t\t<div class=\"eihe-caption\">\n\t\t\t\t\t<div class=\"eihe-title-cover\">\n\t\t\t\t\t\t\t\t\t\t\t\t<h2 class=\"eihe-title\">Christian Lindner<\/h2>\n\t\t\t\t\t\t\t\t\t\t\t<\/div>\n\t\t\t\t\t<p>Bundesminister der Finanzen<br>\nFDP<\/p>\n\t\t\t\t<\/div>\n\t\t\t<\/div>\n\t\t\t\t<\/div>\n\t\t\t\t<\/div>\n\t\t\t\t\t<\/div>\n\t\t<\/div>\n\t\t\t\t\t\t\t<\/div>\n\t\t<\/section>\n\t\t\t\t<section class=\"elementor-section elementor-top-section elementor-element elementor-element-d68b967 elementor-section-boxed elementor-section-height-default elementor-section-height-default\" data-id=\"d68b967\" data-element_type=\"section\">\n\t\t\t\t\t\t<div class=\"elementor-container elementor-column-gap-default\">\n\t\t\t\t\t<div class=\"elementor-column elementor-col-33 elementor-top-column elementor-element elementor-element-58e6e7a\" data-id=\"58e6e7a\" data-element_type=\"column\">\n\t\t\t<div class=\"elementor-widget-wrap elementor-element-populated\">\n\t\t\t\t\t\t\t\t<div class=\"elementor-element elementor-element-bf15a4f elementor-widget elementor-widget-e_image_hover_effects\" data-id=\"bf15a4f\" data-element_type=\"widget\" data-widget_type=\"e_image_hover_effects.default\">\n\t\t\t\t<div class=\"elementor-widget-container\">\n\t\t\t\t\t\t<div class=\"eihe-box eihe-fade-in-up eihe_center\">\n\t\t\t\t<img width=\"500\" height=\"500\" src=\"https:\/\/mittelstandstag.bvmw.de\/wp-content\/uploads\/2022\/02\/NicolaBeer.jpg\" class=\"attachment-full size-full\" alt=\"\" loading=\"lazy\" \/>\t\t\t\t<div class=\"eihe-caption\">\n\t\t\t\t\t<div class=\"eihe-title-cover\">\n\t\t\t\t\t\t\t\t\t\t\t\t<h2 class=\"eihe-title\">Nicola Beer<\/h2>\n\t\t\t\t\t\t\t\t\t\t\t<\/div>\n\t\t\t\t\t<p>Vizepr\u00e4sidentin des Europ\u00e4ischen Parlaments<br>\nFDP<\/p>\n\t\t\t\t<\/div>\n\t\t\t<\/div>\n\t\t\t\t<\/div>\n\t\t\t\t<\/div>\n\t\t\t\t\t<\/div>\n\t\t<\/div>\n\t\t\t\t<div class=\"elementor-column elementor-col-33 elementor-top-column elementor-element elementor-element-579d53a\" data-id=\"579d53a\" data-element_type=\"column\">\n\t\t\t<div class=\"elementor-widget-wrap elementor-element-populated\">\n\t\t\t\t\t\t\t\t<div class=\"elementor-element elementor-element-ccb6fbe elementor-widget elementor-widget-e_image_hover_effects\" data-id=\"ccb6fbe\" data-element_type=\"widget\" data-widget_type=\"e_image_hover_effects.default\">\n\t\t\t\t<div class=\"elementor-widget-container\">\n\t\t\t\t\t\t<div class=\"eihe-box eihe-fade-in-up eihe_center\">\n\t\t\t\t<img width=\"800\" height=\"800\" src=\"https:\/\/mittelstandstag.bvmw.de\/wp-content\/uploads\/2022\/02\/Anne-Marie-Desco\u0302tes.png\" class=\"attachment-full size-full\" alt=\"\" loading=\"lazy\" \/>\t\t\t\t<div class=\"eihe-caption\">\n\t\t\t\t\t<div class=\"eihe-title-cover\">\n\t\t\t\t\t\t\t\t\t\t\t\t<h2 class=\"eihe-title\">I. E. Anne-Marie Desc\u00f4tes<\/h2>\n\t\t\t\t\t\t\t\t\t\t\t<\/div>\n\t\t\t\t\t<p>Botschafterin der Republik Frankreich<\/p>\n\t\t\t\t<\/div>\n\t\t\t<\/div>\n\t\t\t\t<\/div>\n\t\t\t\t<\/div>\n\t\t\t\t\t<\/div>\n\t\t<\/div>\n\t\t\t\t<div class=\"elementor-column elementor-col-33 elementor-top-column elementor-element elementor-element-8fae1a7\" data-id=\"8fae1a7\" data-element_type=\"column\">\n\t\t\t<div class=\"elementor-widget-wrap elementor-element-populated\">\n\t\t\t\t\t\t\t\t<div class=\"elementor-element elementor-element-54890a7 elementor-widget elementor-widget-e_image_hover_effects\" data-id=\"54890a7\" data-element_type=\"widget\" data-widget_type=\"e_image_hover_effects.default\">\n\t\t\t\t<div class=\"elementor-widget-container\">\n\t\t\t\t\t\t<div class=\"eihe-box eihe-fade-in-up eihe_center\">\n\t\t\t\t<img width=\"800\" height=\"800\" src=\"https:\/\/mittelstandstag.bvmw.de\/wp-content\/uploads\/2022\/01\/Daniela-Kluckert-Carlo-Pause-Hohenner.png\" class=\"attachment-full size-full\" alt=\"Daniela Kluckert\" loading=\"lazy\" \/>\t\t\t\t<div class=\"eihe-caption\">\n\t\t\t\t\t<div class=\"eihe-title-cover\">\n\t\t\t\t\t\t\t\t\t\t\t\t<h2 class=\"eihe-title\">Daniela Kluckert MdB<\/h2>\n\t\t\t\t\t\t\t\t\t\t\t<\/div>\n\t\t\t\t\t<p>FDP, Parlamentarische Staatssekret\u00e4rin beim Bundesminister f\u00fcr Digitales und Verkehr<\/p>\n\t\t\t\t<\/div>\n\t\t\t<\/div>\n\t\t\t\t<\/div>\n\t\t\t\t<\/div>\n\t\t\t\t\t<\/div>\n\t\t<\/div>\n\t\t\t\t\t\t\t<\/div>\n\t\t<\/section>\n\t\t\t\t<section class=\"elementor-section elementor-top-section elementor-element elementor-element-1bdf9ac7 elementor-section-boxed elementor-section-height-default elementor-section-height-default\" data-id=\"1bdf9ac7\" data-element_type=\"section\">\n\t\t\t\t\t\t<div class=\"elementor-container elementor-column-gap-default\">\n\t\t\t\t\t<div class=\"elementor-column elementor-col-100 elementor-top-column elementor-element elementor-element-23f3769\" data-id=\"23f3769\" data-element_type=\"column\">\n\t\t\t<div class=\"elementor-widget-wrap elementor-element-populated\">\n\t\t\t\t\t\t\t\t<div class=\"elementor-element elementor-element-6416ddef elementor-widget elementor-widget-text-editor\" data-id=\"6416ddef\" data-element_type=\"widget\" data-widget_type=\"text-editor.default\">\n\t\t\t\t<div class=\"elementor-widget-container\">\n\t\t\t<style>\/*! elementor - v3.5.4 - 23-01-2022 *\/\n.elementor-widget-text-editor.elementor-drop-cap-view-stacked .elementor-drop-cap{background-color:#818a91;color:#fff}.elementor-widget-text-editor.elementor-drop-cap-view-framed .elementor-drop-cap{color:#818a91;border:3px solid;background-color:transparent}.elementor-widget-text-editor:not(.elementor-drop-cap-view-default) .elementor-drop-cap{margin-top:8px}.elementor-widget-text-editor:not(.elementor-drop-cap-view-default) .elementor-drop-cap-letter{width:1em;height:1em}.elementor-widget-text-editor .elementor-drop-cap{float:left;text-align:center;line-height:1;font-size:50px}.elementor-widget-text-editor .elementor-drop-cap-letter{display:inline-block}<\/style>\t\t\t\t<h2>Der <strong>Tag des deutschen Mittelstands 2022<\/strong> ist leider vorbei.<\/h2><p>Mit dabei waren Vizekanzler <b>Dr. Robert Habeck<\/b>, Bundesminister f\u00fcr Wirtschaft und Klimaschutz, sowie\u00a0<b>Christian Lindner<\/b>, Bundesminister der Finanzen,\u00a0<b>Nicola Beer<\/b>, die\u00a0<i>Vize<\/i>-Pr\u00e4sidentin des EU-Parlaments, <strong>I. E. Anne-Marie Desc\u00f4tes<\/strong>,\u00a0Botschafterin der Republik Frankreichs\u00a0 und <b>Daniela Kluckert<\/b>, Parlamentarische Staatssekret\u00e4rin beim Bundesminister f\u00fcr Digitales und Verkehr. Au\u00dferdem viele weitere einflussreiche G\u00e4ste aus Politik und Wirtschaft mit hochwertigen aktuellen Themen.<\/p><p>Wir w\u00fcrden uns sehr freuen, Sie bei einer unserer n\u00e4chsten Veranstaltungen begr\u00fc\u00dfen zu d\u00fcrfen.<\/p>\t\t\t\t\t\t<\/div>\n\t\t\t\t<\/div>\n\t\t\t\t<div class=\"elementor-element elementor-element-70b199c anmeldebutton elementor-widget elementor-widget-button\" data-id=\"70b199c\" data-element_type=\"widget\" data-widget_type=\"button.default\">\n\t\t\t\t<div class=\"elementor-widget-container\">\n\t\t\t\t\t<div class=\"elementor-button-wrapper\">\n\t\t\t<a href=\"https:\/\/bvmw.de\/veranstaltungen\" target=\"_blank\" class=\"elementor-button-link elementor-button elementor-size-md\" role=\"button\">\n\t\t\t\t\t\t<span class=\"elementor-button-content-wrapper\">\n\t\t\t\t\t\t<span class=\"elementor-button-text\">Unsere veranstaltungen<\/span>\n\t\t<\/span>\n\t\t\t\t\t<\/a>\n\t\t<\/div>\n\t\t\t\t<\/div>\n\t\t\t\t<\/div>\n\t\t\t\t\t<\/div>\n\t\t<\/div>\n\t\t\t\t\t\t\t<\/div>\n\t\t<\/section>\n\t\t\t\t<section class=\"elementor-section elementor-top-section elementor-element elementor-element-21d1c8d8 elementor-section-boxed elementor-section-height-default elementor-section-height-default\" data-id=\"21d1c8d8\" data-element_type=\"section\">\n\t\t\t\t\t\t<div class=\"elementor-container elementor-column-gap-default\">\n\t\t\t\t\t<div class=\"elementor-column elementor-col-100 elementor-top-column elementor-element elementor-element-443d8f74\" data-id=\"443d8f74\" data-element_type=\"column\">\n\t\t\t<div class=\"elementor-widget-wrap elementor-element-populated\">\n\t\t\t\t\t\t\t\t<div class=\"elementor-element elementor-element-63c4cec0 elementor-widget elementor-widget-image\" data-id=\"63c4cec0\" data-element_type=\"widget\" data-widget_type=\"image.default\">\n\t\t\t\t<div class=\"elementor-widget-container\">\n\t\t\t\t\t\t\t\t\t\t\t\t\t\t\t<img width=\"125\" height=\"124\" src=\"https:\/\/mittelstandstag.bvmw.de\/wp-content\/uploads\/2022\/01\/Button-Forward.png\" class=\"attachment-large size-large\" alt=\"\" loading=\"lazy\" \/>\t\t\t\t\t\t\t\t\t\t\t\t\t\t\t<\/div>\n\t\t\t\t<\/div>\n\t\t\t\t\t<\/div>\n\t\t<\/div>\n\t\t\t\t\t\t\t<\/div>\n\t\t<\/section>\n\t\t\t\t<section class=\"elementor-section elementor-top-section elementor-element elementor-element-28cb7aea elementor-section-boxed elementor-section-height-default elementor-section-height-default\" data-id=\"28cb7aea\" data-element_type=\"section\">\n\t\t\t\t\t\t<div class=\"elementor-container elementor-column-gap-default\">\n\t\t\t\t\t<div class=\"elementor-column elementor-col-100 elementor-top-column elementor-element elementor-element-1c3fe8d9\" data-id=\"1c3fe8d9\" data-element_type=\"column\">\n\t\t\t<div class=\"elementor-widget-wrap elementor-element-populated\">\n\t\t\t\t\t\t\t\t<div class=\"elementor-element elementor-element-8c9698f elementor-widget elementor-widget-image\" data-id=\"8c9698f\" data-element_type=\"widget\" data-widget_type=\"image.default\">\n\t\t\t\t<div class=\"elementor-widget-container\">\n\t\t\t\t\t\t\t\t\t\t\t\t\t\t\t<img width=\"1024\" height=\"370\" src=\"https:\/\/mittelstandstag.bvmw.de\/wp-content\/uploads\/2022\/01\/Programm.png\" class=\"attachment-large size-large\" alt=\"\" loading=\"lazy\" \/>\t\t\t\t\t\t\t\t\t\t\t\t\t\t\t<\/div>\n\t\t\t\t<\/div>\n\t\t\t\t\t<\/div>\n\t\t<\/div>\n\t\t\t\t\t\t\t<\/div>\n\t\t<\/section>\n\t\t\t\t<section class=\"elementor-section elementor-top-section elementor-element elementor-element-2cf5423f elementor-section-full_width elementor-section-height-default elementor-section-height-default\" data-id=\"2cf5423f\" data-element_type=\"section\" data-settings=\"{&quot;background_background&quot;:&quot;classic&quot;}\">\n\t\t\t\t\t\t<div class=\"elementor-container elementor-column-gap-default\">\n\t\t\t\t\t<div class=\"elementor-column elementor-col-100 elementor-top-column elementor-element elementor-element-310de65d\" data-id=\"310de65d\" data-element_type=\"column\">\n\t\t\t<div class=\"elementor-widget-wrap elementor-element-populated\">\n\t\t\t\t\t\t\t\t<div class=\"elementor-element elementor-element-0b19074 elementor-absolute elementor-widget elementor-widget-image\" data-id=\"0b19074\" data-element_type=\"widget\" data-settings=\"{&quot;_position&quot;:&quot;absolute&quot;}\" data-widget_type=\"image.default\">\n\t\t\t\t<div class=\"elementor-widget-container\">\n\t\t\t\t\t\t\t\t\t\t\t\t\t\t\t<img width=\"636\" height=\"1431\" src=\"https:\/\/mittelstandstag.bvmw.de\/wp-content\/uploads\/2022\/01\/bg-1-1.png\" class=\"attachment-full size-full\" alt=\"\" loading=\"lazy\" \/>\t\t\t\t\t\t\t\t\t\t\t\t\t\t\t<\/div>\n\t\t\t\t<\/div>\n\t\t\t\t\t<\/div>\n\t\t<\/div>\n\t\t\t\t\t\t\t<\/div>\n\t\t<\/section>\n\t\t\t\t<section class=\"elementor-section elementor-top-section elementor-element elementor-element-86ab293 elementor-section-boxed elementor-section-height-default elementor-section-height-default\" data-id=\"86ab293\" data-element_type=\"section\" data-settings=\"{&quot;background_background&quot;:&quot;classic&quot;}\">\n\t\t\t\t\t\t<div class=\"elementor-container elementor-column-gap-default\">\n\t\t\t\t\t<div class=\"elementor-column elementor-col-50 elementor-top-column elementor-element elementor-element-5429e42\" data-id=\"5429e42\" data-element_type=\"column\">\n\t\t\t<div class=\"elementor-widget-wrap elementor-element-populated\">\n\t\t\t\t\t\t\t\t<div class=\"elementor-element elementor-element-f693e9b elementor-widget elementor-widget-heading\" data-id=\"f693e9b\" data-element_type=\"widget\" data-widget_type=\"heading.default\">\n\t\t\t\t<div class=\"elementor-widget-container\">\n\t\t\t<style>\/*! elementor - v3.5.4 - 23-01-2022 *\/\n.elementor-heading-title{padding:0;margin:0;line-height:1}.elementor-widget-heading .elementor-heading-title[class*=elementor-size-]>a{color:inherit;font-size:inherit;line-height:inherit}.elementor-widget-heading .elementor-heading-title.elementor-size-small{font-size:15px}.elementor-widget-heading .elementor-heading-title.elementor-size-medium{font-size:19px}.elementor-widget-heading .elementor-heading-title.elementor-size-large{font-size:29px}.elementor-widget-heading .elementor-heading-title.elementor-size-xl{font-size:39px}.elementor-widget-heading .elementor-heading-title.elementor-size-xxl{font-size:59px}<\/style><h2 class=\"elementor-heading-title elementor-size-default\">Diese Themen und Denkanst\u00f6\u00dfe erwarten Sie<\/h2>\t\t<\/div>\n\t\t\t\t<\/div>\n\t\t\t\t<div class=\"elementor-element elementor-element-a5ee7d8 programm elementor-widget elementor-widget-text-editor\" data-id=\"a5ee7d8\" data-element_type=\"widget\" data-widget_type=\"text-editor.default\">\n\t\t\t\t<div class=\"elementor-widget-container\">\n\t\t\t\t\t\t\t<p><strong><span style=\"color: #d12c24;\">12:00 Uhr<\/span> Er\u00f6ffnung: Markus Jerger<br \/><\/strong><em>Gesch\u00e4ftsf\u00fchrer Der Mittelstand.BVMW<\/em><\/p><p><strong><span style=\"color: #d12c24;\">12:05 Uhr<\/span> <\/strong><strong>Key Note: Dr. Robert Habeck<br \/><\/strong><em>Stellvertreter des Bundeskanzlers und Bundesminister f\u00fcr Wirtschaft und Klimaschutz<br \/>(B\u00fcndnis 90 \/ Die Gr\u00fcnen)<\/em><\/p><p><strong><span style=\"color: #d12c24;\">12:15 Uhr <\/span><\/strong><b>Paneldiskussion: \u201eFachkr\u00e4ftemangel im Mittelstand: Wie wir die L\u00fccke im Arbeitsmarkt schlie\u00dfen.\u201c<br \/><\/b><\/p><ul><li><em>Esra Limbacher MdB (SPD)<\/em><\/li><li><em>Tilman Kuban MdB (CDU)<\/em><\/li><li><em>Prof. Dr. Enzo Weber (Institut f\u00fcr Arbeitsmarkt- und Berufsforschung, Mitglied des Wissenschaftlichen Beirats des BVMW)<\/em><\/li><li><em>Cathrin Wilhelm (Gesch\u00e4ftsf\u00fchrerin der BINZ Automotive GmbH)<\/em><\/li><\/ul><p><strong><span style=\"color: #d12c24;\">13:20 Uhr <\/span><\/strong><b>Key Note: Matthias Machnig<br \/><\/b><em>Vizepr\u00e4sident des SPD-Wirtschaftsforums<\/em><\/p><p><strong><span style=\"color: #d12c24;\">13:35 Uhr <\/span><\/strong><b>Impulsvortrag: Dr. Stefan Kaufmann<br \/><\/b><em>Bundesministerium f\u00fcr Bildung und Forschung, Innovationsbeauftragter der Bundesregierung f\u00fcr Gr\u00fcnen Wasserstoff<\/em><\/p><p><strong><span style=\"color: #d12c24;\">13:45 Uhr <\/span><\/strong><b>Paneldiskussion:\u00a0<\/b><b>\u201eMarkthochlauf der Wasserstoffwirtschaft:\u00a0\u00a0Transformationschancen f\u00fcr den Mittelstand \u2013 das Gold von morgen&#8220;<\/b><\/p><ul><li><em>Kurt-Christoph von Knobelsdorff (Gesch\u00e4ftsf\u00fchrer der NOW GmbH \u2013 Nationale Organisationsstelle Wasserstoff)<\/em><\/li><li><em>Dr. Ingrid Nestle MdB (B\u00fcndnis 90\/Die Gr\u00fcnen)<\/em><\/li><li><em>Mark Helfrich MdB (CDU)<\/em><\/li><li><em>Dr. Wiebke L\u00fcke (Gesch\u00e4ftsf\u00fchrerin der WEW GmbH)<\/em><\/li><li><em>Dr. Stefan Kaufmann (Bundesministerium f\u00fcr Bildung und Forschung, Innovationsbeauftragter der Bundesregierung f\u00fcr Gr\u00fcnen Wasserstoff)<\/em><\/li><\/ul><p><strong><span style=\"color: #d12c24;\">14:45 Uhr <\/span>Key Note: Giovanni Liverani<\/strong><br \/><em>Vorsitzender des Vorstands, Generali Deutschland AG<\/em><\/p><p><strong><span style=\"color: #d12c24;\">14:50 Uhr <\/span><\/strong><b>Impulsvortrag: Thomas Langkabel <\/b><b>\u201eZwischen Hollywood und Absurdistan \u2013 Nutzen, Grenzen und Herausforderungen von KI\u201c<br \/><\/b><em>National Technology Officer,\u00a0<\/em><em>Microsoft Deutschland GmbH<\/em><\/p><p><strong><span style=\"color: #d12c24;\">15:00 Uhr <\/span><\/strong><b>Paneldiskussion:\u00a0<\/b><b>\u201eK\u00fcnstliche Intelligenz: Wie wir den deutschen Mittelstand fit f\u00fcr das digitale Zeitalter machen.\u201c \u2013 pr\u00e4sentiert durch Microsoft Deutschland GmbH<\/b><\/p><ul><li><em>Daniela Kluckert MdB (FDP,\u00a0<\/em><em>Parlamentarische Staatssekret\u00e4rin beim Bundesminister f\u00fcr Digitales und Verkehr)<\/em><\/li><li><em>Catarina dos Santos Firnhaber MdB (CDU)<\/em><\/li><li><em>Christian Eichhorn (<em>Co-Founder &amp; Managing Director,\u00a0<\/em>SpiNNCloud Systems GmbH)<\/em><\/li><li><em>Thomas Langkabel (<em>National Technology Officer,\u00a0<\/em>Microsoft Deutschland GmbH)<\/em><\/li><\/ul><p><strong><span style=\"color: #d12c24;\">16:00 Uhr <\/span><\/strong><b>Key Note: Hagen Rickmann<br \/><\/b><em>Gesch\u00e4ftsf\u00fchrer Gesch\u00e4ftskunden Deutsche Telekom Deutschland GmbH<\/em><\/p><p><strong><span style=\"color: #d12c24;\">16:15 Uhr <\/span><\/strong><b>Key Note: I.E. Anne-Marie Desc\u00f4tes<br \/><\/b><em>Botschafterin der Republik Frankreich<\/em><\/p><p><strong><span style=\"color: #d12c24;\">16:25 Uhr <\/span><\/strong><b><strong>Key Note: <\/strong>Andreas Storm: &#8222;Krisenmanagement in Pandemiezeiten&#8220;<br \/><\/b><em>Vorsitzender des Vorstands DAK Gesundheit<\/em><\/p><p><strong><span style=\"color: #d12c24;\">16:45 Uhr <\/span><\/strong><b><strong>Key Note: <\/strong>Dr. Oliver Gr\u00fcn: &#8222;Schl\u00fcsselrolle des IT-Mittelstands f\u00fcr die digitale Souver\u00e4nit\u00e4t&#8220;<br \/><\/b><em>Pr\u00e4sident des Bundesverbandes IT-Mittelstand<\/em><\/p><p><strong><span style=\"color: #d12c24;\">17:00 Uhr <\/span>Live-Talk zur Lage Europas mit Vizepr\u00e4sidentin Nicola Beer MdEP (FDP) und Markus Ferber MdEP (CSU)<\/strong><\/p><p><strong><span style=\"color: #d12c24;\">17:30 Uhr <\/span>Key Note: Reiner Holznagel<br \/><\/strong><em>Pr\u00e4sident des Bundes der Steuerzahler<\/em><\/p><p><strong><span style=\"color: #d12c24;\">17:45 Uhr <\/span>Key Note: Prof. Dr. iur. Dr. med. Alexander P. F. Ehlers \u201eCorona-Pandemie: Ist ein Ende in Sicht? \u2014 Erste Ergebnisse einer Umfrage des Beirats Gesundheit\u201c<br \/><\/strong><em>Fachanwalt f\u00fcr Medizinrecht und Facharzt f\u00fcr Allgemeinmedizin, Ehlers, Ehlers &amp; Partner, Sprecher des Beirats Gesundheit des BVMW<\/em><\/p><p><strong><span style=\"color: #d12c24;\">18:00 Uhr <\/span>Key Note: Markus Jerger<br \/><\/strong>Gesch\u00e4ftsf\u00fchrer Der Mittelstand.BVMW<\/p><p><strong><span style=\"color: #d12c24;\">18:15 Uhr <\/span>Live-Talk mit Christian Lindner<br \/><\/strong><em>Bundesminister der Finanzen (FDP)<br \/><\/em><\/p><p><strong><span style=\"color: #d12c24;\">18:30 Uhr\u00a0<\/span><\/strong><b>Key Note: Dr. Marianne Janik<br \/><\/b><em>Vorsitzende der Gesch\u00e4ftsf\u00fchrung von Microsoft Deutschland GmbH<\/em><\/p><p><strong><span style=\"color: #d12c24;\">18:45 Uhr <\/span><\/strong><strong>Key Note: Prof. Dr.\u00a0Ahmet Bolat<br \/><\/strong><em>Chairman of the Board and the Executive Committee, Turkish Airlines<\/em><\/p><p><strong><span style=\"color: #d12c24;\">19:00 Uhr <\/span><\/strong>Ende der Veranstaltung<\/p>\t\t\t\t\t\t<\/div>\n\t\t\t\t<\/div>\n\t\t\t\t\t<\/div>\n\t\t<\/div>\n\t\t\t\t<div class=\"elementor-column elementor-col-50 elementor-top-column elementor-element elementor-element-b15e7ec elementor-hidden-mobile\" data-id=\"b15e7ec\" data-element_type=\"column\">\n\t\t\t<div class=\"elementor-widget-wrap\">\n\t\t\t\t\t\t\t\t\t<\/div>\n\t\t<\/div>\n\t\t\t\t\t\t\t<\/div>\n\t\t<\/section>\n\t\t\t\t<section class=\"elementor-section elementor-top-section elementor-element elementor-element-150ba44 elementor-section-boxed elementor-section-height-default elementor-section-height-default\" data-id=\"150ba44\" data-element_type=\"section\" id=\"Vortragende\">\n\t\t\t\t\t\t<div class=\"elementor-container elementor-column-gap-default\">\n\t\t\t\t\t<div class=\"elementor-column elementor-col-100 elementor-top-column elementor-element elementor-element-7b129d78\" data-id=\"7b129d78\" data-element_type=\"column\">\n\t\t\t<div class=\"elementor-widget-wrap elementor-element-populated\">\n\t\t\t\t\t\t\t\t<div class=\"elementor-element elementor-element-364d559 elementor-widget elementor-widget-image\" data-id=\"364d559\" data-element_type=\"widget\" data-widget_type=\"image.default\">\n\t\t\t\t<div class=\"elementor-widget-container\">\n\t\t\t\t\t\t\t\t\t\t\t\t\t\t\t<img width=\"125\" height=\"124\" src=\"https:\/\/mittelstandstag.bvmw.de\/wp-content\/uploads\/2022\/01\/Button-Forward.png\" class=\"attachment-large size-large\" alt=\"\" loading=\"lazy\" \/>\t\t\t\t\t\t\t\t\t\t\t\t\t\t\t<\/div>\n\t\t\t\t<\/div>\n\t\t\t\t\t<\/div>\n\t\t<\/div>\n\t\t\t\t\t\t\t<\/div>\n\t\t<\/section>\n\t\t\t\t<section class=\"elementor-section elementor-top-section elementor-element elementor-element-22711a1b elementor-section-boxed elementor-section-height-default elementor-section-height-default\" data-id=\"22711a1b\" data-element_type=\"section\">\n\t\t\t\t\t\t<div class=\"elementor-container elementor-column-gap-default\">\n\t\t\t\t\t<div class=\"elementor-column elementor-col-100 elementor-top-column elementor-element elementor-element-12842864\" data-id=\"12842864\" data-element_type=\"column\">\n\t\t\t<div class=\"elementor-widget-wrap elementor-element-populated\">\n\t\t\t\t\t\t\t\t<div class=\"elementor-element elementor-element-36c20ba7 elementor-widget elementor-widget-image\" data-id=\"36c20ba7\" data-element_type=\"widget\" data-widget_type=\"image.default\">\n\t\t\t\t<div class=\"elementor-widget-container\">\n\t\t\t\t\t\t\t\t\t\t\t\t\t\t\t<img width=\"1024\" height=\"326\" src=\"https:\/\/mittelstandstag.bvmw.de\/wp-content\/uploads\/2022\/01\/Vortragende.png\" class=\"attachment-large size-large\" alt=\"\" loading=\"lazy\" \/>\t\t\t\t\t\t\t\t\t\t\t\t\t\t\t<\/div>\n\t\t\t\t<\/div>\n\t\t\t\t\t<\/div>\n\t\t<\/div>\n\t\t\t\t\t\t\t<\/div>\n\t\t<\/section>\n\t\t\t\t<section class=\"elementor-section elementor-top-section elementor-element elementor-element-ded4e9e elementor-section-full_width elementor-section-height-default elementor-section-height-default\" data-id=\"ded4e9e\" data-element_type=\"section\">\n\t\t\t\t\t\t<div class=\"elementor-container elementor-column-gap-default\">\n\t\t\t\t\t<div class=\"elementor-column elementor-col-100 elementor-top-column elementor-element elementor-element-df04509\" data-id=\"df04509\" data-element_type=\"column\">\n\t\t\t<div class=\"elementor-widget-wrap elementor-element-populated\">\n\t\t\t\t\t\t\t\t<div class=\"elementor-element elementor-element-0a6d3f3 elementor-absolute elementor-widget elementor-widget-image\" data-id=\"0a6d3f3\" data-element_type=\"widget\" data-settings=\"{&quot;_position&quot;:&quot;absolute&quot;}\" data-widget_type=\"image.default\">\n\t\t\t\t<div class=\"elementor-widget-container\">\n\t\t\t\t\t\t\t\t\t\t\t\t\t\t\t<img width=\"890\" height=\"1441\" src=\"https:\/\/mittelstandstag.bvmw.de\/wp-content\/uploads\/2022\/01\/bg-2-2.png\" class=\"attachment-full size-full\" alt=\"\" loading=\"lazy\" \/>\t\t\t\t\t\t\t\t\t\t\t\t\t\t\t<\/div>\n\t\t\t\t<\/div>\n\t\t\t\t\t<\/div>\n\t\t<\/div>\n\t\t\t\t\t\t\t<\/div>\n\t\t<\/section>\n\t\t\t\t<section class=\"elementor-section elementor-top-section elementor-element elementor-element-1eaf8284 elementor-section-boxed elementor-section-height-default elementor-section-height-default\" data-id=\"1eaf8284\" data-element_type=\"section\" data-settings=\"{&quot;background_background&quot;:&quot;classic&quot;}\">\n\t\t\t\t\t\t<div class=\"elementor-container elementor-column-gap-default\">\n\t\t\t\t\t<div class=\"elementor-column elementor-col-100 elementor-top-column elementor-element elementor-element-610f9525\" data-id=\"610f9525\" data-element_type=\"column\">\n\t\t\t<div class=\"elementor-widget-wrap elementor-element-populated\">\n\t\t\t\t\t\t\t\t<section class=\"elementor-section elementor-inner-section elementor-element elementor-element-908fbd1 elementor-section-boxed elementor-section-height-default elementor-section-height-default\" data-id=\"908fbd1\" data-element_type=\"section\">\n\t\t\t\t\t\t<div class=\"elementor-container elementor-column-gap-default\">\n\t\t\t\t\t<div class=\"elementor-column elementor-col-25 elementor-inner-column elementor-element elementor-element-39b896c\" data-id=\"39b896c\" data-element_type=\"column\">\n\t\t\t<div class=\"elementor-widget-wrap elementor-element-populated\">\n\t\t\t\t\t\t\t\t<div class=\"elementor-element elementor-element-e8e5e58 elementor-widget elementor-widget-e_image_hover_effects\" data-id=\"e8e5e58\" data-element_type=\"widget\" data-widget_type=\"e_image_hover_effects.default\">\n\t\t\t\t<div class=\"elementor-widget-container\">\n\t\t\t\t\t\t<div class=\"eihe-box eihe-fade-in-up eihe_center\">\n\t\t\t\t<img width=\"568\" height=\"568\" src=\"https:\/\/mittelstandstag.bvmw.de\/wp-content\/uploads\/2022\/02\/Esra-Limbacher-Dutka_Werbewinzer-1.jpg-1.jpg\" class=\"attachment-full size-full\" alt=\"\" loading=\"lazy\" \/>\t\t\t\t<div class=\"eihe-caption\">\n\t\t\t\t\t<div class=\"eihe-title-cover\">\n\t\t\t\t\t\t\t\t\t\t\t\t<h2 class=\"eihe-title\">Esra Limbacher MdB<\/h2>\n\t\t\t\t\t\t\t\t\t\t\t<\/div>\n\t\t\t\t\t<p>SPD\n<br><br>\nFoto: Dutka Werbewinzer<\/p>\n\t\t\t\t<\/div>\n\t\t\t<\/div>\n\t\t\t\t<\/div>\n\t\t\t\t<\/div>\n\t\t\t\t\t<\/div>\n\t\t<\/div>\n\t\t\t\t<div class=\"elementor-column elementor-col-25 elementor-inner-column elementor-element elementor-element-5e651bb\" data-id=\"5e651bb\" data-element_type=\"column\">\n\t\t\t<div class=\"elementor-widget-wrap elementor-element-populated\">\n\t\t\t\t\t\t\t\t<div class=\"elementor-element elementor-element-51d5825 elementor-widget elementor-widget-e_image_hover_effects\" data-id=\"51d5825\" data-element_type=\"widget\" data-widget_type=\"e_image_hover_effects.default\">\n\t\t\t\t<div class=\"elementor-widget-container\">\n\t\t\t\t\t\t<div class=\"eihe-box eihe-fade-in-up eihe_center\">\n\t\t\t\t<img width=\"800\" height=\"800\" src=\"https:\/\/mittelstandstag.bvmw.de\/wp-content\/uploads\/2022\/01\/Tilman-Kuban-Henning-Schoffen.png\" class=\"attachment-full size-full\" alt=\"Tilman Kuban\" loading=\"lazy\" \/>\t\t\t\t<div class=\"eihe-caption\">\n\t\t\t\t\t<div class=\"eihe-title-cover\">\n\t\t\t\t\t\t\t\t\t\t\t\t<h2 class=\"eihe-title\">Tilman Kuban MdB<\/h2>\n\t\t\t\t\t\t\t\t\t\t\t<\/div>\n\t\t\t\t\t<p>CDU<br>\n<br>\nFoto: Henning Schoffen<\/p>\n\t\t\t\t<\/div>\n\t\t\t<\/div>\n\t\t\t\t<\/div>\n\t\t\t\t<\/div>\n\t\t\t\t\t<\/div>\n\t\t<\/div>\n\t\t\t\t<div class=\"elementor-column elementor-col-25 elementor-inner-column elementor-element elementor-element-3d5df0c\" data-id=\"3d5df0c\" data-element_type=\"column\">\n\t\t\t<div class=\"elementor-widget-wrap elementor-element-populated\">\n\t\t\t\t\t\t\t\t<div class=\"elementor-element elementor-element-4a88ffe elementor-widget elementor-widget-e_image_hover_effects\" data-id=\"4a88ffe\" data-element_type=\"widget\" data-widget_type=\"e_image_hover_effects.default\">\n\t\t\t\t<div class=\"elementor-widget-container\">\n\t\t\t\t\t\t<div class=\"eihe-box eihe-fade-in-up eihe_center\">\n\t\t\t\t<img width=\"800\" height=\"800\" src=\"https:\/\/mittelstandstag.bvmw.de\/wp-content\/uploads\/2022\/01\/Prof.-Dr.-Enzo-Weber.png\" class=\"attachment-full size-full\" alt=\"Prof. Dr. Enzo Weber\" loading=\"lazy\" \/>\t\t\t\t<div class=\"eihe-caption\">\n\t\t\t\t\t<div class=\"eihe-title-cover\">\n\t\t\t\t\t\t\t\t\t\t\t\t<h2 class=\"eihe-title\">Prof. Dr. Enzo Weber<\/h2>\n\t\t\t\t\t\t\t\t\t\t\t<\/div>\n\t\t\t\t\t<p>Institut f\u00fcr Arbeitsmarkt- und Berufsforschung, Mitglied des Wissenschaftlichen Beirats des BVMW<\/p>\n\t\t\t\t<\/div>\n\t\t\t<\/div>\n\t\t\t\t<\/div>\n\t\t\t\t<\/div>\n\t\t\t\t\t<\/div>\n\t\t<\/div>\n\t\t\t\t<div class=\"elementor-column elementor-col-25 elementor-inner-column elementor-element elementor-element-23ced2c\" data-id=\"23ced2c\" data-element_type=\"column\">\n\t\t\t<div class=\"elementor-widget-wrap elementor-element-populated\">\n\t\t\t\t\t\t\t\t<div class=\"elementor-element elementor-element-12c6c7b elementor-widget elementor-widget-e_image_hover_effects\" data-id=\"12c6c7b\" data-element_type=\"widget\" data-widget_type=\"e_image_hover_effects.default\">\n\t\t\t\t<div class=\"elementor-widget-container\">\n\t\t\t\t\t\t<div class=\"eihe-box eihe-fade-in-up eihe_center\">\n\t\t\t\t<img width=\"800\" height=\"800\" src=\"https:\/\/mittelstandstag.bvmw.de\/wp-content\/uploads\/2022\/01\/Cathrin-Wilhelm.png\" class=\"attachment-full size-full\" alt=\"Cathrin Wilhelm\" loading=\"lazy\" \/>\t\t\t\t<div class=\"eihe-caption\">\n\t\t\t\t\t<div class=\"eihe-title-cover\">\n\t\t\t\t\t\t\t\t\t\t\t\t<h2 class=\"eihe-title\">Cathrin Wilhelm<\/h2>\n\t\t\t\t\t\t\t\t\t\t\t<\/div>\n\t\t\t\t\t<p>Gesch\u00e4ftsf\u00fchrerin der BINZ Automotive GmbH<\/p>\n\t\t\t\t<\/div>\n\t\t\t<\/div>\n\t\t\t\t<\/div>\n\t\t\t\t<\/div>\n\t\t\t\t\t<\/div>\n\t\t<\/div>\n\t\t\t\t\t\t\t<\/div>\n\t\t<\/section>\n\t\t\t\t<section class=\"elementor-section elementor-inner-section elementor-element elementor-element-8f5e889 elementor-section-boxed elementor-section-height-default elementor-section-height-default\" data-id=\"8f5e889\" data-element_type=\"section\">\n\t\t\t\t\t\t<div class=\"elementor-container elementor-column-gap-default\">\n\t\t\t\t\t<div class=\"elementor-column elementor-col-25 elementor-inner-column elementor-element elementor-element-b02210b\" data-id=\"b02210b\" data-element_type=\"column\">\n\t\t\t<div class=\"elementor-widget-wrap elementor-element-populated\">\n\t\t\t\t\t\t\t\t<div class=\"elementor-element elementor-element-6eafd8b elementor-widget elementor-widget-e_image_hover_effects\" data-id=\"6eafd8b\" data-element_type=\"widget\" data-widget_type=\"e_image_hover_effects.default\">\n\t\t\t\t<div class=\"elementor-widget-container\">\n\t\t\t\t\t\t<div class=\"eihe-box eihe-fade-in-up eihe_center\">\n\t\t\t\t<img width=\"800\" height=\"800\" src=\"https:\/\/mittelstandstag.bvmw.de\/wp-content\/uploads\/2022\/02\/Matthias-Machnig.png\" class=\"attachment-full size-full\" alt=\"\" loading=\"lazy\" \/>\t\t\t\t<div class=\"eihe-caption\">\n\t\t\t\t\t<div class=\"eihe-title-cover\">\n\t\t\t\t\t\t\t\t\t\t\t\t<h2 class=\"eihe-title\">Matthias Machnig<\/h2>\n\t\t\t\t\t\t\t\t\t\t\t<\/div>\n\t\t\t\t\t<p>Vizepr\u00e4sident des  SPD-Wirtschaftsforums<\/p>\n\t\t\t\t<\/div>\n\t\t\t<\/div>\n\t\t\t\t<\/div>\n\t\t\t\t<\/div>\n\t\t\t\t\t<\/div>\n\t\t<\/div>\n\t\t\t\t<div class=\"elementor-column elementor-col-25 elementor-inner-column elementor-element elementor-element-3bf7b51\" data-id=\"3bf7b51\" data-element_type=\"column\">\n\t\t\t<div class=\"elementor-widget-wrap elementor-element-populated\">\n\t\t\t\t\t\t\t\t<div class=\"elementor-element elementor-element-9a8a9e5 elementor-widget elementor-widget-e_image_hover_effects\" data-id=\"9a8a9e5\" data-element_type=\"widget\" data-widget_type=\"e_image_hover_effects.default\">\n\t\t\t\t<div class=\"elementor-widget-container\">\n\t\t\t\t\t\t<div class=\"eihe-box eihe-fade-in-up eihe_center\">\n\t\t\t\t<img width=\"800\" height=\"800\" src=\"https:\/\/mittelstandstag.bvmw.de\/wp-content\/uploads\/2022\/01\/Dr.-Stefan-Kaufmann-Jens-Oellermann.png\" class=\"attachment-full size-full\" alt=\"Dr. Stefan Kaufmann\" loading=\"lazy\" \/>\t\t\t\t<div class=\"eihe-caption\">\n\t\t\t\t\t<div class=\"eihe-title-cover\">\n\t\t\t\t\t\t\t\t\t\t\t\t<h2 class=\"eihe-title\">Dr. Stefan Kaufmann<\/h2>\n\t\t\t\t\t\t\t\t\t\t\t<\/div>\n\t\t\t\t\t<p>Bundesministerium f\u00fcr Bildung und Forschung, Innovationsbeauftragter der Bundesregierung f\u00fcr Gr\u00fcnen Wasserstoff<br>\n<br>\nFoto: Jens Oellermann<\/p>\n\t\t\t\t<\/div>\n\t\t\t<\/div>\n\t\t\t\t<\/div>\n\t\t\t\t<\/div>\n\t\t\t\t\t<\/div>\n\t\t<\/div>\n\t\t\t\t<div class=\"elementor-column elementor-col-25 elementor-inner-column elementor-element elementor-element-8aebfeb\" data-id=\"8aebfeb\" data-element_type=\"column\">\n\t\t\t<div class=\"elementor-widget-wrap elementor-element-populated\">\n\t\t\t\t\t\t\t\t<div class=\"elementor-element elementor-element-780e54d7 elementor-widget elementor-widget-e_image_hover_effects\" data-id=\"780e54d7\" data-element_type=\"widget\" data-widget_type=\"e_image_hover_effects.default\">\n\t\t\t\t<div class=\"elementor-widget-container\">\n\t\t\t\t\t\t<div class=\"eihe-box eihe-fade-in-up eihe_center\">\n\t\t\t\t<img width=\"800\" height=\"800\" src=\"https:\/\/mittelstandstag.bvmw.de\/wp-content\/uploads\/2022\/01\/Kurt-Christoph-von-Knobelsdorff.png\" class=\"attachment-full size-full\" alt=\"Kurt-Christoph von Knobelsdorff\" loading=\"lazy\" \/>\t\t\t\t<div class=\"eihe-caption\">\n\t\t\t\t\t<div class=\"eihe-title-cover\">\n\t\t\t\t\t\t\t\t\t\t\t\t<h2 class=\"eihe-title\">Kurt-Christoph von Knobelsdorff<\/h2>\n\t\t\t\t\t\t\t\t\t\t\t<\/div>\n\t\t\t\t\t<p>Gesch\u00e4ftsf\u00fchrer der NOW GmbH \u2013 Nationale Organisationsstelle Wasserstoff<\/p>\n\t\t\t\t<\/div>\n\t\t\t<\/div>\n\t\t\t\t<\/div>\n\t\t\t\t<\/div>\n\t\t\t\t\t<\/div>\n\t\t<\/div>\n\t\t\t\t<div class=\"elementor-column elementor-col-25 elementor-inner-column elementor-element elementor-element-fd8caef\" data-id=\"fd8caef\" data-element_type=\"column\">\n\t\t\t<div class=\"elementor-widget-wrap elementor-element-populated\">\n\t\t\t\t\t\t\t\t<div class=\"elementor-element elementor-element-053ddb3 elementor-widget elementor-widget-e_image_hover_effects\" data-id=\"053ddb3\" data-element_type=\"widget\" data-widget_type=\"e_image_hover_effects.default\">\n\t\t\t\t<div class=\"elementor-widget-container\">\n\t\t\t\t\t\t<div class=\"eihe-box eihe-fade-in-up eihe_center\">\n\t\t\t\t<img width=\"800\" height=\"800\" src=\"https:\/\/mittelstandstag.bvmw.de\/wp-content\/uploads\/2022\/01\/Dr.-Ingrid-Nestle-Gunnar-Dethlefsen.png\" class=\"attachment-full size-full\" alt=\"Dr. Ingrid Nestle\" loading=\"lazy\" \/>\t\t\t\t<div class=\"eihe-caption\">\n\t\t\t\t\t<div class=\"eihe-title-cover\">\n\t\t\t\t\t\t\t\t\t\t\t\t<h2 class=\"eihe-title\">Dr. Ingrid Nestle MdB<\/h2>\n\t\t\t\t\t\t\t\t\t\t\t<\/div>\n\t\t\t\t\t<p>B\u00fcndnis 90\/Die Gr\u00fcnen<br>\n<br>\nFoto: Gunnar Dethlefsen<\/p>\n\t\t\t\t<\/div>\n\t\t\t<\/div>\n\t\t\t\t<\/div>\n\t\t\t\t<\/div>\n\t\t\t\t\t<\/div>\n\t\t<\/div>\n\t\t\t\t\t\t\t<\/div>\n\t\t<\/section>\n\t\t\t\t<section class=\"elementor-section elementor-inner-section elementor-element elementor-element-205681ea elementor-section-boxed elementor-section-height-default elementor-section-height-default\" data-id=\"205681ea\" data-element_type=\"section\">\n\t\t\t\t\t\t<div class=\"elementor-container elementor-column-gap-default\">\n\t\t\t\t\t<div class=\"elementor-column elementor-col-25 elementor-inner-column elementor-element elementor-element-6e3bfdd8\" data-id=\"6e3bfdd8\" data-element_type=\"column\">\n\t\t\t<div class=\"elementor-widget-wrap elementor-element-populated\">\n\t\t\t\t\t\t\t\t<div class=\"elementor-element elementor-element-6cda9934 elementor-widget elementor-widget-e_image_hover_effects\" data-id=\"6cda9934\" data-element_type=\"widget\" data-widget_type=\"e_image_hover_effects.default\">\n\t\t\t\t<div class=\"elementor-widget-container\">\n\t\t\t\t\t\t<div class=\"eihe-box eihe-fade-in-up eihe_center\">\n\t\t\t\t<img width=\"800\" height=\"800\" src=\"https:\/\/mittelstandstag.bvmw.de\/wp-content\/uploads\/2022\/01\/Mark-Helfrich-Steven-Vangermain.png\" class=\"attachment-full size-full\" alt=\"Mark Helfrich\" loading=\"lazy\" \/>\t\t\t\t<div class=\"eihe-caption\">\n\t\t\t\t\t<div class=\"eihe-title-cover\">\n\t\t\t\t\t\t\t\t\t\t\t\t<h2 class=\"eihe-title\">Mark Helfrich MdB<\/h2>\n\t\t\t\t\t\t\t\t\t\t\t<\/div>\n\t\t\t\t\t<p>CDU\n<br><br>Foto: Steven Vangermain<\/p>\n\t\t\t\t<\/div>\n\t\t\t<\/div>\n\t\t\t\t<\/div>\n\t\t\t\t<\/div>\n\t\t\t\t\t<\/div>\n\t\t<\/div>\n\t\t\t\t<div class=\"elementor-column elementor-col-25 elementor-inner-column elementor-element elementor-element-58126179\" data-id=\"58126179\" data-element_type=\"column\">\n\t\t\t<div class=\"elementor-widget-wrap elementor-element-populated\">\n\t\t\t\t\t\t\t\t<div class=\"elementor-element elementor-element-1c4fff45 elementor-widget elementor-widget-e_image_hover_effects\" data-id=\"1c4fff45\" data-element_type=\"widget\" data-widget_type=\"e_image_hover_effects.default\">\n\t\t\t\t<div class=\"elementor-widget-container\">\n\t\t\t\t\t\t<div class=\"eihe-box eihe-fade-in-up eihe_center\">\n\t\t\t\t<img width=\"800\" height=\"800\" src=\"https:\/\/mittelstandstag.bvmw.de\/wp-content\/uploads\/2022\/01\/Dr.-Wiebke-Lu\u0308ke.png\" class=\"attachment-full size-full\" alt=\"Dr. Wiebke Lu\u0308ke\" loading=\"lazy\" \/>\t\t\t\t<div class=\"eihe-caption\">\n\t\t\t\t\t<div class=\"eihe-title-cover\">\n\t\t\t\t\t\t\t\t\t\t\t\t<h2 class=\"eihe-title\">Dr. Wiebke L\u00fcke<\/h2>\n\t\t\t\t\t\t\t\t\t\t\t<\/div>\n\t\t\t\t\t<p>Founder &amp; Managing Director\nWEW GmbH, Gesch\u00e4ftsf\u00fchrerin<\/p>\n\t\t\t\t<\/div>\n\t\t\t<\/div>\n\t\t\t\t<\/div>\n\t\t\t\t<\/div>\n\t\t\t\t\t<\/div>\n\t\t<\/div>\n\t\t\t\t<div class=\"elementor-column elementor-col-25 elementor-inner-column elementor-element elementor-element-632add5e\" data-id=\"632add5e\" data-element_type=\"column\">\n\t\t\t<div class=\"elementor-widget-wrap elementor-element-populated\">\n\t\t\t\t\t\t\t\t<div class=\"elementor-element elementor-element-2219f13 elementor-widget elementor-widget-e_image_hover_effects\" data-id=\"2219f13\" data-element_type=\"widget\" data-widget_type=\"e_image_hover_effects.default\">\n\t\t\t\t<div class=\"elementor-widget-container\">\n\t\t\t\t\t\t<div class=\"eihe-box eihe-fade-in-up eihe_center\">\n\t\t\t\t<img width=\"500\" height=\"500\" src=\"https:\/\/mittelstandstag.bvmw.de\/wp-content\/uploads\/2022\/02\/Giovanni_Liverani.jpg\" class=\"attachment-full size-full\" alt=\"\" loading=\"lazy\" \/>\t\t\t\t<div class=\"eihe-caption\">\n\t\t\t\t\t<div class=\"eihe-title-cover\">\n\t\t\t\t\t\t\t\t\t\t\t\t<h2 class=\"eihe-title\">Giovanni Liverani<\/h2>\n\t\t\t\t\t\t\t\t\t\t\t<\/div>\n\t\t\t\t\t<p>Vorsitzender des Vorstands, Generali Deutschland AG<\/p>\n\t\t\t\t<\/div>\n\t\t\t<\/div>\n\t\t\t\t<\/div>\n\t\t\t\t<\/div>\n\t\t\t\t\t<\/div>\n\t\t<\/div>\n\t\t\t\t<div class=\"elementor-column elementor-col-25 elementor-inner-column elementor-element elementor-element-76438b91\" data-id=\"76438b91\" data-element_type=\"column\">\n\t\t\t<div class=\"elementor-widget-wrap elementor-element-populated\">\n\t\t\t\t\t\t\t\t<div class=\"elementor-element elementor-element-51c2ce7a elementor-widget elementor-widget-e_image_hover_effects\" data-id=\"51c2ce7a\" data-element_type=\"widget\" data-widget_type=\"e_image_hover_effects.default\">\n\t\t\t\t<div class=\"elementor-widget-container\">\n\t\t\t\t\t\t<div class=\"eihe-box eihe-fade-in-up eihe_center\">\n\t\t\t\t<img width=\"800\" height=\"800\" src=\"https:\/\/mittelstandstag.bvmw.de\/wp-content\/uploads\/2022\/01\/Thomas-Langkabel.png\" class=\"attachment-full size-full\" alt=\"Thomas Langkabel\" loading=\"lazy\" \/>\t\t\t\t<div class=\"eihe-caption\">\n\t\t\t\t\t<div class=\"eihe-title-cover\">\n\t\t\t\t\t\t\t\t\t\t\t\t<h2 class=\"eihe-title\">Thomas Langkabel<\/h2>\n\t\t\t\t\t\t\t\t\t\t\t<\/div>\n\t\t\t\t\t<p>National Technology Officer, Microsoft Deutschland GmbH<\/p>\n\t\t\t\t<\/div>\n\t\t\t<\/div>\n\t\t\t\t<\/div>\n\t\t\t\t<\/div>\n\t\t\t\t\t<\/div>\n\t\t<\/div>\n\t\t\t\t\t\t\t<\/div>\n\t\t<\/section>\n\t\t\t\t<section class=\"elementor-section elementor-inner-section elementor-element elementor-element-265d5cc8 elementor-section-boxed elementor-section-height-default elementor-section-height-default\" data-id=\"265d5cc8\" data-element_type=\"section\">\n\t\t\t\t\t\t<div class=\"elementor-container elementor-column-gap-default\">\n\t\t\t\t\t<div class=\"elementor-column elementor-col-25 elementor-inner-column elementor-element elementor-element-117496b6\" data-id=\"117496b6\" data-element_type=\"column\">\n\t\t\t<div class=\"elementor-widget-wrap elementor-element-populated\">\n\t\t\t\t\t\t\t\t<div class=\"elementor-element elementor-element-13353ebb elementor-widget elementor-widget-e_image_hover_effects\" data-id=\"13353ebb\" data-element_type=\"widget\" data-widget_type=\"e_image_hover_effects.default\">\n\t\t\t\t<div class=\"elementor-widget-container\">\n\t\t\t\t\t\t<div class=\"eihe-box eihe-fade-in-up eihe_center\">\n\t\t\t\t<img width=\"800\" height=\"800\" src=\"https:\/\/mittelstandstag.bvmw.de\/wp-content\/uploads\/2022\/01\/Catarina-dos-Santos-Firnhaber-Ralph-Sondermann.png\" class=\"attachment-full size-full\" alt=\"Catarina dos Santos Firnhaber\" loading=\"lazy\" \/>\t\t\t\t<div class=\"eihe-caption\">\n\t\t\t\t\t<div class=\"eihe-title-cover\">\n\t\t\t\t\t\t\t\t\t\t\t\t<h2 class=\"eihe-title\">Catarina dos Santos Firnhaber MdB<\/h2>\n\t\t\t\t\t\t\t\t\t\t\t<\/div>\n\t\t\t\t\t<p>CDU<br>\n<br>\nFoto: Ralph Sondermann<\/p>\n\t\t\t\t<\/div>\n\t\t\t<\/div>\n\t\t\t\t<\/div>\n\t\t\t\t<\/div>\n\t\t\t\t\t<\/div>\n\t\t<\/div>\n\t\t\t\t<div class=\"elementor-column elementor-col-25 elementor-inner-column elementor-element elementor-element-54c2324e\" data-id=\"54c2324e\" data-element_type=\"column\">\n\t\t\t<div class=\"elementor-widget-wrap elementor-element-populated\">\n\t\t\t\t\t\t\t\t<div class=\"elementor-element elementor-element-352ee646 elementor-widget elementor-widget-e_image_hover_effects\" data-id=\"352ee646\" data-element_type=\"widget\" data-widget_type=\"e_image_hover_effects.default\">\n\t\t\t\t<div class=\"elementor-widget-container\">\n\t\t\t\t\t\t<div class=\"eihe-box eihe-fade-in-up eihe_center\">\n\t\t\t\t<img width=\"800\" height=\"800\" src=\"https:\/\/mittelstandstag.bvmw.de\/wp-content\/uploads\/2022\/01\/Christian-Eichhorn.png\" class=\"attachment-full size-full\" alt=\"Christian Eichhorn\" loading=\"lazy\" \/>\t\t\t\t<div class=\"eihe-caption\">\n\t\t\t\t\t<div class=\"eihe-title-cover\">\n\t\t\t\t\t\t\t\t\t\t\t\t<h2 class=\"eihe-title\">Christian Eichhorn<\/h2>\n\t\t\t\t\t\t\t\t\t\t\t<\/div>\n\t\t\t\t\t<p>Co-Founder &amp; Managing Director, SpiNNCloud Systems GmbH<\/p>\n\t\t\t\t<\/div>\n\t\t\t<\/div>\n\t\t\t\t<\/div>\n\t\t\t\t<\/div>\n\t\t\t\t\t<\/div>\n\t\t<\/div>\n\t\t\t\t<div class=\"elementor-column elementor-col-25 elementor-inner-column elementor-element elementor-element-463daf02\" data-id=\"463daf02\" data-element_type=\"column\">\n\t\t\t<div class=\"elementor-widget-wrap elementor-element-populated\">\n\t\t\t\t\t\t\t\t<div class=\"elementor-element elementor-element-3632de2 elementor-widget elementor-widget-e_image_hover_effects\" data-id=\"3632de2\" data-element_type=\"widget\" data-widget_type=\"e_image_hover_effects.default\">\n\t\t\t\t<div class=\"elementor-widget-container\">\n\t\t\t\t\t\t<div class=\"eihe-box eihe-fade-in-up eihe_center\">\n\t\t\t\t<img width=\"400\" height=\"400\" src=\"https:\/\/mittelstandstag.bvmw.de\/wp-content\/uploads\/2022\/02\/Hagen-Rickmann-Deutsche-Telekom.jpg\" class=\"attachment-full size-full\" alt=\"\" loading=\"lazy\" \/>\t\t\t\t<div class=\"eihe-caption\">\n\t\t\t\t\t<div class=\"eihe-title-cover\">\n\t\t\t\t\t\t\t\t\t\t\t\t<h2 class=\"eihe-title\">Hagen Rickmann<\/h2>\n\t\t\t\t\t\t\t\t\t\t\t<\/div>\n\t\t\t\t\t<p>Gesch\u00e4ftsf\u00fchrer Gesch\u00e4ftskunden Deutsche Telekom Deutschland GmbH<\/p>\n\t\t\t\t<\/div>\n\t\t\t<\/div>\n\t\t\t\t<\/div>\n\t\t\t\t<\/div>\n\t\t\t\t\t<\/div>\n\t\t<\/div>\n\t\t\t\t<div class=\"elementor-column elementor-col-25 elementor-inner-column elementor-element elementor-element-4edf7ae\" data-id=\"4edf7ae\" data-element_type=\"column\">\n\t\t\t<div class=\"elementor-widget-wrap elementor-element-populated\">\n\t\t\t\t\t\t\t\t<div class=\"elementor-element elementor-element-321b206 elementor-widget elementor-widget-e_image_hover_effects\" data-id=\"321b206\" data-element_type=\"widget\" data-widget_type=\"e_image_hover_effects.default\">\n\t\t\t\t<div class=\"elementor-widget-container\">\n\t\t\t\t\t\t<div class=\"eihe-box eihe-fade-in-up eihe_center\">\n\t\t\t\t<img width=\"250\" height=\"252\" src=\"https:\/\/mittelstandstag.bvmw.de\/wp-content\/uploads\/2022\/02\/Andreas-Storm-DAK-Gesundheit.jpg\" class=\"attachment-full size-full\" alt=\"\" loading=\"lazy\" \/>\t\t\t\t<div class=\"eihe-caption\">\n\t\t\t\t\t<div class=\"eihe-title-cover\">\n\t\t\t\t\t\t\t\t\t\t\t\t<h2 class=\"eihe-title\">Andreas Storm<\/h2>\n\t\t\t\t\t\t\t\t\t\t\t<\/div>\n\t\t\t\t\t<p>Vorsitzender des Vorstands DAK Gesundheit<\/p>\n\t\t\t\t<\/div>\n\t\t\t<\/div>\n\t\t\t\t<\/div>\n\t\t\t\t<\/div>\n\t\t\t\t\t<\/div>\n\t\t<\/div>\n\t\t\t\t\t\t\t<\/div>\n\t\t<\/section>\n\t\t\t\t<section class=\"elementor-section elementor-inner-section elementor-element elementor-element-887b979 elementor-section-boxed elementor-section-height-default elementor-section-height-default\" data-id=\"887b979\" data-element_type=\"section\">\n\t\t\t\t\t\t<div class=\"elementor-container elementor-column-gap-default\">\n\t\t\t\t\t<div class=\"elementor-column elementor-col-25 elementor-inner-column elementor-element elementor-element-6d922843\" data-id=\"6d922843\" data-element_type=\"column\">\n\t\t\t<div class=\"elementor-widget-wrap elementor-element-populated\">\n\t\t\t\t\t\t\t\t<div class=\"elementor-element elementor-element-bc573e3 elementor-widget elementor-widget-e_image_hover_effects\" data-id=\"bc573e3\" data-element_type=\"widget\" data-widget_type=\"e_image_hover_effects.default\">\n\t\t\t\t<div class=\"elementor-widget-container\">\n\t\t\t\t\t\t<div class=\"eihe-box eihe-fade-in-up eihe_center\">\n\t\t\t\t<img width=\"600\" height=\"600\" src=\"https:\/\/mittelstandstag.bvmw.de\/wp-content\/uploads\/2022\/02\/Foto_Oliver_Gruen02.jpg\" class=\"attachment-full size-full\" alt=\"\" loading=\"lazy\" \/>\t\t\t\t<div class=\"eihe-caption\">\n\t\t\t\t\t<div class=\"eihe-title-cover\">\n\t\t\t\t\t\t\t\t\t\t\t\t<h2 class=\"eihe-title\">Dr. Oliver Gr\u00fcn<\/h2>\n\t\t\t\t\t\t\t\t\t\t\t<\/div>\n\t\t\t\t\t<p>Pr\u00e4sident des Bundesverbandes IT-Mittelstand<\/p>\n\t\t\t\t<\/div>\n\t\t\t<\/div>\n\t\t\t\t<\/div>\n\t\t\t\t<\/div>\n\t\t\t\t\t<\/div>\n\t\t<\/div>\n\t\t\t\t<div class=\"elementor-column elementor-col-25 elementor-inner-column elementor-element elementor-element-6c3936a\" data-id=\"6c3936a\" data-element_type=\"column\">\n\t\t\t<div class=\"elementor-widget-wrap elementor-element-populated\">\n\t\t\t\t\t\t\t\t<div class=\"elementor-element elementor-element-99f1767 elementor-widget elementor-widget-e_image_hover_effects\" data-id=\"99f1767\" data-element_type=\"widget\" data-widget_type=\"e_image_hover_effects.default\">\n\t\t\t\t<div class=\"elementor-widget-container\">\n\t\t\t\t\t\t<div class=\"eihe-box eihe-fade-in-up eihe_center\">\n\t\t\t\t<img width=\"480\" height=\"480\" src=\"https:\/\/mittelstandstag.bvmw.de\/wp-content\/uploads\/2022\/02\/MarkusFerber.jpg\" class=\"attachment-full size-full\" alt=\"\" loading=\"lazy\" \/>\t\t\t\t<div class=\"eihe-caption\">\n\t\t\t\t\t<div class=\"eihe-title-cover\">\n\t\t\t\t\t\t\t\t\t\t\t\t<h2 class=\"eihe-title\">Markus Ferber MdEP<\/h2>\n\t\t\t\t\t\t\t\t\t\t\t<\/div>\n\t\t\t\t\t<p>CSU<\/p>\n\t\t\t\t<\/div>\n\t\t\t<\/div>\n\t\t\t\t<\/div>\n\t\t\t\t<\/div>\n\t\t\t\t\t<\/div>\n\t\t<\/div>\n\t\t\t\t<div class=\"elementor-column elementor-col-25 elementor-inner-column elementor-element elementor-element-8380d84\" data-id=\"8380d84\" data-element_type=\"column\">\n\t\t\t<div class=\"elementor-widget-wrap elementor-element-populated\">\n\t\t\t\t\t\t\t\t<div class=\"elementor-element elementor-element-fd8ca39 elementor-widget elementor-widget-e_image_hover_effects\" data-id=\"fd8ca39\" data-element_type=\"widget\" data-widget_type=\"e_image_hover_effects.default\">\n\t\t\t\t<div class=\"elementor-widget-container\">\n\t\t\t\t\t\t<div class=\"eihe-box eihe-fade-in-up eihe_center\">\n\t\t\t\t<img width=\"398\" height=\"398\" src=\"https:\/\/mittelstandstag.bvmw.de\/wp-content\/uploads\/2022\/02\/Reiner-Holznagel-1.jpg\" class=\"attachment-full size-full\" alt=\"\" loading=\"lazy\" \/>\t\t\t\t<div class=\"eihe-caption\">\n\t\t\t\t\t<div class=\"eihe-title-cover\">\n\t\t\t\t\t\t\t\t\t\t\t\t<h2 class=\"eihe-title\">Reiner Holznagel<\/h2>\n\t\t\t\t\t\t\t\t\t\t\t<\/div>\n\t\t\t\t\t<p>Pr\u00e4sident des Bundes der Steuerzahler<\/p>\n\t\t\t\t<\/div>\n\t\t\t<\/div>\n\t\t\t\t<\/div>\n\t\t\t\t<\/div>\n\t\t\t\t\t<\/div>\n\t\t<\/div>\n\t\t\t\t<div class=\"elementor-column elementor-col-25 elementor-inner-column elementor-element elementor-element-f439378\" data-id=\"f439378\" data-element_type=\"column\">\n\t\t\t<div class=\"elementor-widget-wrap elementor-element-populated\">\n\t\t\t\t\t\t\t\t<div class=\"elementor-element elementor-element-397b0c3 elementor-widget elementor-widget-e_image_hover_effects\" data-id=\"397b0c3\" data-element_type=\"widget\" data-widget_type=\"e_image_hover_effects.default\">\n\t\t\t\t<div class=\"elementor-widget-container\">\n\t\t\t\t\t\t<div class=\"eihe-box eihe-fade-in-up eihe_center\">\n\t\t\t\t<img width=\"800\" height=\"800\" src=\"https:\/\/mittelstandstag.bvmw.de\/wp-content\/uploads\/2022\/02\/Prof.-Dr.-iur.-Dr.-med.-Alexander-P.-F.-Ehlers.png\" class=\"attachment-full size-full\" alt=\"\" loading=\"lazy\" \/>\t\t\t\t<div class=\"eihe-caption\">\n\t\t\t\t\t<div class=\"eihe-title-cover\">\n\t\t\t\t\t\t\t\t\t\t\t\t<h2 class=\"eihe-title\">Prof. Dr. iur. Dr. med. Alexander P. F. Ehlers<\/h2>\n\t\t\t\t\t\t\t\t\t\t\t<\/div>\n\t\t\t\t\t<p>Fachanwalt f\u00fcr Medizinrecht und Facharzt f\u00fcr Allgemeinmedizin, Ehlers, Ehlers &amp; Partner, Sprecher des Beirats Gesundheit des BVMW<\/p>\n\t\t\t\t<\/div>\n\t\t\t<\/div>\n\t\t\t\t<\/div>\n\t\t\t\t<\/div>\n\t\t\t\t\t<\/div>\n\t\t<\/div>\n\t\t\t\t\t\t\t<\/div>\n\t\t<\/section>\n\t\t\t\t<section class=\"elementor-section elementor-inner-section elementor-element elementor-element-cb33c1e elementor-section-boxed elementor-section-height-default elementor-section-height-default\" data-id=\"cb33c1e\" data-element_type=\"section\">\n\t\t\t\t\t\t<div class=\"elementor-container elementor-column-gap-default\">\n\t\t\t\t\t<div class=\"elementor-column elementor-col-25 elementor-inner-column elementor-element elementor-element-e1b93dc\" data-id=\"e1b93dc\" data-element_type=\"column\">\n\t\t\t<div class=\"elementor-widget-wrap elementor-element-populated\">\n\t\t\t\t\t\t\t\t<div class=\"elementor-element elementor-element-5e789cf elementor-widget elementor-widget-e_image_hover_effects\" data-id=\"5e789cf\" data-element_type=\"widget\" data-widget_type=\"e_image_hover_effects.default\">\n\t\t\t\t<div class=\"elementor-widget-container\">\n\t\t\t\t\t\t<div class=\"eihe-box eihe-fade-in-up eihe_center\">\n\t\t\t\t<img width=\"400\" height=\"400\" src=\"https:\/\/mittelstandstag.bvmw.de\/wp-content\/uploads\/2022\/02\/Marianne-Janik-Microsoft-Deutschland-2-1600x1068-1.jpg\" class=\"attachment-full size-full\" alt=\"\" loading=\"lazy\" \/>\t\t\t\t<div class=\"eihe-caption\">\n\t\t\t\t\t<div class=\"eihe-title-cover\">\n\t\t\t\t\t\t\t\t\t\t\t\t<h2 class=\"eihe-title\">Dr. Marianne Janik<\/h2>\n\t\t\t\t\t\t\t\t\t\t\t<\/div>\n\t\t\t\t\t<p>Vorsitzende der Gesch\u00e4ftsf\u00fchrung von Microsoft Deutschland GmbH<\/p>\n\t\t\t\t<\/div>\n\t\t\t<\/div>\n\t\t\t\t<\/div>\n\t\t\t\t<\/div>\n\t\t\t\t\t<\/div>\n\t\t<\/div>\n\t\t\t\t<div class=\"elementor-column elementor-col-25 elementor-inner-column elementor-element elementor-element-317ca93\" data-id=\"317ca93\" data-element_type=\"column\">\n\t\t\t<div class=\"elementor-widget-wrap elementor-element-populated\">\n\t\t\t\t\t\t\t\t<div class=\"elementor-element elementor-element-da3312b elementor-widget elementor-widget-e_image_hover_effects\" data-id=\"da3312b\" data-element_type=\"widget\" data-widget_type=\"e_image_hover_effects.default\">\n\t\t\t\t<div class=\"elementor-widget-container\">\n\t\t\t\t\t\t<div class=\"eihe-box eihe-fade-in-up eihe_center\">\n\t\t\t\t<img width=\"641\" height=\"641\" src=\"https:\/\/mittelstandstag.bvmw.de\/wp-content\/uploads\/2022\/02\/MicrosoftTeams-image-27.png\" class=\"attachment-full size-full\" alt=\"CEO Turkish Airlines\" loading=\"lazy\" \/>\t\t\t\t<div class=\"eihe-caption\">\n\t\t\t\t\t<div class=\"eihe-title-cover\">\n\t\t\t\t\t\t\t\t\t\t\t\t<h2 class=\"eihe-title\">Prof. Dr. Ahmet Bolat<\/h2>\n\t\t\t\t\t\t\t\t\t\t\t<\/div>\n\t\t\t\t\t<p>Chairman of the Board and the Executive Committee, Turkish Airlines<\/p>\n\t\t\t\t<\/div>\n\t\t\t<\/div>\n\t\t\t\t<\/div>\n\t\t\t\t<\/div>\n\t\t\t\t\t<\/div>\n\t\t<\/div>\n\t\t\t\t<div class=\"elementor-column elementor-col-25 elementor-inner-column elementor-element elementor-element-0e82f44\" data-id=\"0e82f44\" data-element_type=\"column\">\n\t\t\t<div class=\"elementor-widget-wrap\">\n\t\t\t\t\t\t\t\t\t<\/div>\n\t\t<\/div>\n\t\t\t\t<div class=\"elementor-column elementor-col-25 elementor-inner-column elementor-element elementor-element-bc98a7b\" data-id=\"bc98a7b\" data-element_type=\"column\">\n\t\t\t<div class=\"elementor-widget-wrap\">\n\t\t\t\t\t\t\t\t\t<\/div>\n\t\t<\/div>\n\t\t\t\t\t\t\t<\/div>\n\t\t<\/section>\n\t\t\t\t\t<\/div>\n\t\t<\/div>\n\t\t\t\t\t\t\t<\/div>\n\t\t<\/section>\n\t\t\t\t<section class=\"elementor-section elementor-top-section elementor-element elementor-element-205166c9 elementor-section-content-middle elementor-section-boxed elementor-section-height-default elementor-section-height-default\" data-id=\"205166c9\" data-element_type=\"section\">\n\t\t\t\t\t\t<div class=\"elementor-container elementor-column-gap-default\">\n\t\t\t\t\t<div class=\"elementor-column elementor-col-33 elementor-top-column elementor-element elementor-element-625310fd\" data-id=\"625310fd\" data-element_type=\"column\">\n\t\t\t<div class=\"elementor-widget-wrap elementor-element-populated\">\n\t\t\t\t\t\t\t\t<div class=\"elementor-element elementor-element-5e81087 elementor-widget elementor-widget-text-editor\" data-id=\"5e81087\" data-element_type=\"widget\" data-widget_type=\"text-editor.default\">\n\t\t\t\t<div class=\"elementor-widget-container\">\n\t\t\t\t\t\t\t<p>Wir arbeiten f\u00fcr Sie an anregenden Impulsen, damit aus den Herausforderungen unserer Zeit L\u00f6sungen werden und der Mittelstand noch st\u00e4rker wird. Frei nach dem Motto:<\/p>\t\t\t\t\t\t<\/div>\n\t\t\t\t<\/div>\n\t\t\t\t<div class=\"elementor-element elementor-element-54ddbdc8 elementor-widget elementor-widget-heading\" data-id=\"54ddbdc8\" data-element_type=\"widget\" data-widget_type=\"heading.default\">\n\t\t\t\t<div class=\"elementor-widget-container\">\n\t\t\t<h2 class=\"elementor-heading-title elementor-size-default\">GEMEINSAM WACHSEN<\/h2>\t\t<\/div>\n\t\t\t\t<\/div>\n\t\t\t\t\t<\/div>\n\t\t<\/div>\n\t\t\t\t<div class=\"elementor-column elementor-col-33 elementor-top-column elementor-element elementor-element-3dfdaac8\" data-id=\"3dfdaac8\" data-element_type=\"column\">\n\t\t\t<div class=\"elementor-widget-wrap\">\n\t\t\t\t\t\t\t\t\t<\/div>\n\t\t<\/div>\n\t\t\t\t<div class=\"elementor-column elementor-col-33 elementor-top-column elementor-element elementor-element-60cd0453\" data-id=\"60cd0453\" data-element_type=\"column\">\n\t\t\t<div class=\"elementor-widget-wrap elementor-element-populated\">\n\t\t\t\t\t\t\t\t<div class=\"elementor-element elementor-element-6320c878 elementor-widget elementor-widget-image\" data-id=\"6320c878\" data-element_type=\"widget\" data-widget_type=\"image.default\">\n\t\t\t\t<div class=\"elementor-widget-container\">\n\t\t\t\t\t\t\t\t\t\t\t\t\t\t\t<img width=\"449\" height=\"451\" src=\"https:\/\/mittelstandstag.bvmw.de\/wp-content\/uploads\/2022\/01\/Badge-Teilnehmen.png\" class=\"attachment-large size-large\" alt=\"\" loading=\"lazy\" \/>\t\t\t\t\t\t\t\t\t\t\t\t\t\t\t<\/div>\n\t\t\t\t<\/div>\n\t\t\t\t\t<\/div>\n\t\t<\/div>\n\t\t\t\t\t\t\t<\/div>\n\t\t<\/section>\n\t\t\t\t<section class=\"elementor-section elementor-top-section elementor-element elementor-element-6e4128dc elementor-hidden-desktop elementor-hidden-tablet elementor-hidden-mobile elementor-section-boxed elementor-section-height-default elementor-section-height-default\" data-id=\"6e4128dc\" data-element_type=\"section\">\n\t\t\t\t\t\t<div class=\"elementor-container elementor-column-gap-default\">\n\t\t\t\t\t<div class=\"elementor-column elementor-col-100 elementor-top-column elementor-element elementor-element-34cf6f8e\" data-id=\"34cf6f8e\" data-element_type=\"column\">\n\t\t\t<div class=\"elementor-widget-wrap elementor-element-populated\">\n\t\t\t\t\t\t\t\t<div class=\"elementor-element elementor-element-4de38d14 elementor-widget elementor-widget-text-editor\" data-id=\"4de38d14\" data-element_type=\"widget\" data-widget_type=\"text-editor.default\">\n\t\t\t\t<div class=\"elementor-widget-container\">\n\t\t\t\t\t\t\t<p>Erlangen Sie neues Wissen, finden Sie Antworten auf wichtige Fragen und lernen Sie ma\u00dfgebliche Entscheider aus Politik und Wirtschaft kennen.<\/p><p>Wir freuen uns auf Sie!<\/p>\t\t\t\t\t\t<\/div>\n\t\t\t\t<\/div>\n\t\t\t\t<div class=\"elementor-element elementor-element-1014e20 elementor-widget elementor-widget-heading\" data-id=\"1014e20\" data-element_type=\"widget\" data-widget_type=\"heading.default\">\n\t\t\t\t<div class=\"elementor-widget-container\">\n\t\t\t<h2 class=\"elementor-heading-title elementor-size-default\">Anmeldung<\/h2>\t\t<\/div>\n\t\t\t\t<\/div>\n\t\t\t\t<div class=\"elementor-element elementor-element-bf96105 elementor-widget elementor-widget-html\" data-id=\"bf96105\" data-element_type=\"widget\" id=\"anmeldung\" data-widget_type=\"html.default\">\n\t\t\t\t<div class=\"elementor-widget-container\">\n\t\t\t<iframe src=https:\/\/go.bvmw.de\/l\/816603\/2022-01-31\/d7387 width=\"100%\" height=\"1300\" type=\"text\/html\" frameborder=\"0\" allowTransparency=\"true\" style=\"border: 0\"><\/iframe>\t\t<\/div>\n\t\t\t\t<\/div>\n\t\t\t\t\t<\/div>\n\t\t<\/div>\n\t\t\t\t\t\t\t<\/div>\n\t\t<\/section>\n\t\t\t\t<section class=\"elementor-section elementor-top-section elementor-element elementor-element-59508e15 elementor-section-boxed elementor-section-height-default elementor-section-height-default\" data-id=\"59508e15\" data-element_type=\"section\" data-settings=\"{&quot;background_background&quot;:&quot;classic&quot;}\">\n\t\t\t\t\t\t<div class=\"elementor-container elementor-column-gap-default\">\n\t\t\t\t\t<div class=\"elementor-column elementor-col-100 elementor-top-column elementor-element elementor-element-792eb6fa\" data-id=\"792eb6fa\" data-element_type=\"column\">\n\t\t\t<div class=\"elementor-widget-wrap elementor-element-populated\">\n\t\t\t\t\t\t\t\t<div class=\"elementor-element elementor-element-4752026 footer elementor-widget elementor-widget-text-editor\" data-id=\"4752026\" data-element_type=\"widget\" data-widget_type=\"text-editor.default\">\n\t\t\t\t<div class=\"elementor-widget-container\">\n\t\t\t\t\t\t\t<p><a href=\"https:\/\/www.bvmw.de\/impressum\/\">Impressum<\/a> \u00a0| \u00a0<a href=\"https:\/\/www.bvmw.de\/datenschutz\/\">Datenschutz<\/a> \u00a0| \u00a0<a href=\"https:\/\/mittelstandstag.bvmw.de\/?page_id=376\">Transparenzerkl\u00e4rung<\/a><\/p>\t\t\t\t\t\t<\/div>\n\t\t\t\t<\/div>\n\t\t\t\t\t<\/div>\n\t\t<\/div>\n\t\t\t\t\t\t\t<\/div>\n\t\t<\/section>\n\t\t\t\t\t\t<\/div>\n\t\t\t\t\t<\/div>\n\t\t","protected":false},"excerpt":{"rendered":"<p>Markus Jerger Gesch\u00e4ftsf\u00fchrer Der Mittelstand.BVMW Dr. Robert Habeck Stellvertreter des Bundeskanzlers und Bundesminister f\u00fcr Wirtschaft und Klimaschutz B\u00fcndnis 90 \/ Die Gr\u00fcnen Christian Lindner Bundesminister der Finanzen FDP Nicola Beer Vizepr\u00e4sidentin des Europ\u00e4ischen Parlaments FDP I. E. Anne-Marie Desc\u00f4tes Botschafterin der Republik Frankreich Daniela Kluckert MdB FDP, Parlamentarische Staatssekret\u00e4rin beim Bundesminister f\u00fcr Digitales und Verkehr [&hellip;]<\/p>\n","protected":false},"author":4,"featured_media":0,"parent":0,"menu_order":0,"comment_status":"closed","ping_status":"closed","template":"elementor_canvas","meta":[],"_links":{"self":[{"href":"https:\/\/mittelstandstag.bvmw.de\/index.php?rest_route=\/wp\/v2\/pages\/147"}],"collection":[{"href":"https:\/\/mittelstandstag.bvmw.de\/index.php?rest_route=\/wp\/v2\/pages"}],"about":[{"href":"https:\/\/mittelstandstag.bvmw.de\/index.php?rest_route=\/wp\/v2\/types\/page"}],"author":[{"embeddable":true,"href":"https:\/\/mittelstandstag.bvmw.de\/index.php?rest_route=\/wp\/v2\/users\/4"}],"replies":[{"embeddable":true,"href":"https:\/\/mittelstandstag.bvmw.de\/index.php?rest_route=%2Fwp%2Fv2%2Fcomments&post=147"}],"version-history":[{"count":562,"href":"https:\/\/mittelstandstag.bvmw.de\/index.php?rest_route=\/wp\/v2\/pages\/147\/revisions"}],"predecessor-version":[{"id":806,"href":"https:\/\/mittelstandstag.bvmw.de\/index.php?rest_route=\/wp\/v2\/pages\/147\/revisions\/806"}],"wp:attachment":[{"href":"https:\/\/mittelstandstag.bvmw.de\/index.php?rest_route=%2Fwp%2Fv2%2Fmedia&parent=147"}],"curies":[{"name":"wp","href":"https:\/\/api.w.org\/{rel}","templated":true}]}}