{"id":376,"date":"2022-02-01T11:08:38","date_gmt":"2022-02-01T10:08:38","guid":{"rendered":"https:\/\/mittelstandstag.bvmw.de\/?page_id=376"},"modified":"2022-02-01T13:01:59","modified_gmt":"2022-02-01T12:01:59","slug":"transparenzerklaerung","status":"publish","type":"page","link":"https:\/\/mittelstandstag.bvmw.de\/?page_id=376","title":{"rendered":"Transparenzerkl\u00e4rung"},"content":{"rendered":"\t\t<div data-elementor-type=\"wp-page\" data-elementor-id=\"376\" class=\"elementor elementor-376\" data-elementor-settings=\"[]\">\n\t\t\t\t\t\t\t<div class=\"elementor-section-wrap\">\n\t\t\t\t\t\t\t<section class=\"elementor-section elementor-top-section elementor-element elementor-element-78e3c4a elementor-section-boxed elementor-section-height-default elementor-section-height-default\" data-id=\"78e3c4a\" data-element_type=\"section\">\n\t\t\t\t\t\t<div class=\"elementor-container elementor-column-gap-default\">\n\t\t\t\t\t<div class=\"elementor-column elementor-col-100 elementor-top-column elementor-element elementor-element-b735452\" data-id=\"b735452\" data-element_type=\"column\">\n\t\t\t<div class=\"elementor-widget-wrap elementor-element-populated\">\n\t\t\t\t\t\t\t\t<div class=\"elementor-element elementor-element-66628a1 elementor-widget elementor-widget-text-editor\" data-id=\"66628a1\" data-element_type=\"widget\" data-widget_type=\"text-editor.default\">\n\t\t\t\t<div class=\"elementor-widget-container\">\n\t\t\t<style>\/*! elementor - v3.5.4 - 23-01-2022 *\/\n.elementor-widget-text-editor.elementor-drop-cap-view-stacked .elementor-drop-cap{background-color:#818a91;color:#fff}.elementor-widget-text-editor.elementor-drop-cap-view-framed .elementor-drop-cap{color:#818a91;border:3px solid;background-color:transparent}.elementor-widget-text-editor:not(.elementor-drop-cap-view-default) .elementor-drop-cap{margin-top:8px}.elementor-widget-text-editor:not(.elementor-drop-cap-view-default) .elementor-drop-cap-letter{width:1em;height:1em}.elementor-widget-text-editor .elementor-drop-cap{float:left;text-align:center;line-height:1;font-size:50px}.elementor-widget-text-editor .elementor-drop-cap-letter{display:inline-block}<\/style>\t\t\t\t<p>Ausf\u00fchrliche Einwilligungserkl\u00e4rung und\u00a0Transparenzerkl\u00e4rung<\/p>\t\t\t\t\t\t<\/div>\n\t\t\t\t<\/div>\n\t\t\t\t<div class=\"elementor-element elementor-element-03e3b55 elementor-widget elementor-widget-text-editor\" data-id=\"03e3b55\" data-element_type=\"widget\" data-widget_type=\"text-editor.default\">\n\t\t\t\t<div class=\"elementor-widget-container\">\n\t\t\t\t\t\t\t<p><strong><u>Einwilligungserkl\u00e4rung<\/u><\/strong><\/p><p>Bevor Sie an dem Jahresimpuls teilnehmen, lesen Sie stets folgenden Text:<\/p><p>\u201e<em>Mit Ihrer freiwilligen Teilnahme an dem Jahresimpuls stimmen Sie zu, dass wir das Videokonferenztool Zoom einsetzen (vgl. unsere Risikohinweise in der Transparenzerkl\u00e4rung). Sie haben die M\u00f6glichkeit, die Ton- und\/oder Bild\u00fcbertrag durchgehend inaktiv zu lassen. Sofern Sie die Ton- und\/oder Bild\u00fcbertragung aktivieren, stimmen Sie der damit verbundenen Verarbeitung erg\u00e4nzend zu.<\/em><\/p><p>Sofern Sie anschlie\u00dfend freiwillig teilnehmen, willigen Sie darin ein<\/p><ul><li>dass ggf. Bild- und Tondaten verarbeitet werden, allerdings nur, wenn Sie Bild- und Ton\u00fcbertragung aktiveren<\/li><li>dass wir hierf\u00fcr den US-Dienstleister Zoom Video Communications, Inc, 55 Almaden Blvd, Suite 600, San Jose, CA 95113 (USA) weitere Kontaktm\u00f6glichkeit hier: https:\/\/support.zoom.us\/hc\/de einsetzen. Das Unternehmen ist ein US-Unternehmen, sodass besondere Risiken durch die US-Gesetzgebung bestehen, u.a.:<\/li><\/ul><ol><li>In den USA existiert kein einheitliches Datenschutzrecht; schon gar nicht ein solches, das vergleichbar mit dem in der EU geltenden Datenschutzrecht w\u00e4re. Das bedeutet, dass sowohl US-Unternehmen als auch staatliche Stellen mehr M\u00f6glichkeiten haben, Ihre personenbezogenen Daten zu verarbeiten, insbesondere zur werblichen Ansprache, Profilbildung und Durchf\u00fchrung von (strafrechtlichen) Ermittlungen. Unsere M\u00f6glichkeiten, dagegen vorzugehen sind erheblich eingeschr\u00e4nkt.<\/li><li>Der US-Gesetzgeber hat sich zahlreiche Zugriffsrechte auf Ihre personenbezogenen Daten zugebilligt (vgl. etwa Section 702 des FISA oder die E.O. 12333 i.V.m. PPD-28), die mit unserem Rechtsverst\u00e4ndnis nicht vereinbar sind. Insbesondere findet keine, mit den in der Europ\u00e4ischen Union vergleichbare Verh\u00e4ltnism\u00e4\u00dfigkeitspr\u00fcfung vor einem Zugriff statt.<\/li><li>B\u00fcrger der Europ\u00e4ischen Union haben in den USA keinen effektiven Rechtsschutz zu erwarten.<\/li><\/ol><p>Sofern Sie<\/p><p>Die Checkbox mit dem Text<\/p><p>\u201e<em>Hiermit willige ich ein, dass der der BVMW &#8211; Bundesverband mittelst\u00e4ndische Wirtschaft, Unternehmerverband Deutschlands e.V. mich per E-Mail werblich ansprechen darf, wie in der <u>Transparenzerkl\u00e4rung<\/u> beschrieben.\u201c <\/em><em>\u00a0<\/em><\/p><p>und\/oder<\/p><p>\u201e<em>Hiermit willige ich ein, dass der der BVMW &#8211; Bundesverband mittelst\u00e4ndische Wirtschaft, Unternehmerverband Deutschlands e.V. mich per Telefon werblich\u00a0 ansprechen darf, wie in der <u>Transparenzerkl\u00e4rung<\/u> beschrieben.<\/em>\u201c<\/p><p>werden wir Sie werblich ansprechen, entweder per Telefon oder per E-Mail.<\/p><p>Sie k\u00f6nnen jede dieser Einwilligungserkl\u00e4rungen jederzeit, mit Wirkung f\u00fcr die Zukunft widerrufen, etwa durch formlose Mitteilung an einen unserer Kontaktkan\u00e4le, den wir in der Transparenzerkl\u00e4rung nennen.<\/p><p><strong><u>Transparenzerkl\u00e4rung<\/u><\/strong><\/p><h2><strong>Allgemeiner Teil.<\/strong><\/h2><p><strong>Angesprochener Personenkreis.<\/strong><\/p><p>Diese Transparenzerkl\u00e4rung richtet sich an alle Personen, die an unserem Jahresimpuls teilnehmen. Sofern Sie Informationen \u00fcber die Datenverarbeitung, die im Zusammenhang mit dem Besuch unserer Internetseite im \u00dcbrigen steht, w\u00fcnschen, lesen Sie bitte unsere <u>Datenschutzerkl\u00e4rung<\/u> f\u00fcr die Internetseite.<\/p><p><strong>Verantwortlicher.<\/strong><\/p><p>Verantwortlicher i.S.v. Artikel 4 Ziffer 7 DSGVO f\u00fcr die hier beschriebene Verarbeitung personenbezogener Daten ist der BVMW &#8211; Bundesverband mittelst\u00e4ndische Wirtschaft, Unternehmerverband Deutschlands e.V., Potsdamer Stra\u00dfe 7, 10785 Berlin, vertreten durch die Vizepr\u00e4sidenten Dr. Hans-Michael Pott und Dr. Jochen Leonhardt, Telefon: +49 30 533206-0, Telefax: +49 30 533206-50, E-Mail: <a href=\"mailto:info@bvmw.de\">info@bvmw.de<\/a>.<\/p><p>Unser externer Datenschutzbeauftragter ist Herr Rechtsanwalt Dr. Stephan G\u00e4rtner, <a href=\"mailto:request@thenextstanhope.de\">request@thenextstanhope.de<\/a>.<\/p><p><strong>Ihre Rechte.<\/strong><\/p><p>Sie haben mit Blick auf die zu Ihrer Person verarbeiteten, personenbezogenen Daten nach der Datenschutzgrundverordnung mehrere Rechte. Insbesondere<\/p><ul><li>das Recht auf Auskunft \u00fcber die gespeicherten, personenbezogenen Daten,<\/li><li>das Recht auf die Berichtigung unrichtig gespeicherter, personenbezogener Daten,<\/li><li>das Recht auf L\u00f6schung personenbezogener Daten, f\u00fcr deren weitere Speicherung es keine Rechtsgrundlage gibt,<\/li><li>das Recht auf Einschr\u00e4nkung der Verarbeitung der gespeicherten, personenbezogenen Daten,<\/li><li>das Recht auf Daten\u00fcbertragbarkeit,<\/li><li>das Recht sich bei f\u00fcr uns zust\u00e4ndigen Aufsichtsbeh\u00f6rde f\u00fcr Datenschutz zu beschweren.<\/li><\/ul><p>Soweit die Tatbestandsvoraussetzungen der jeweiligen Anspr\u00fcche gegeben sind und wir Sie identifizieren k\u00f6nnen, werden wir Ihre Anspr\u00fcche zeitnah erf\u00fcllen.<\/p><p><strong>Verarbeitungsvorg\u00e4nge, bei denen eine automatisierte Entscheidungsfindung (ggf. auch Profiling) stattfindet<\/strong><\/p><p>(1) Soweit wir in der nachfolgenden Erkl\u00e4rung darauf hinweisen, dass eine automatisierte Entscheidungsfindung stattfindet, bedeutet dies, dass wir bei diesen Tools\/Verarbeitungskonstellationen ausnahmsweise eine besondere Form der Datenverarbeitung vornehmen. In diesem Zusammenhang weisen wir Sie auf folgendes hin:<\/p><ol><li>Die besondere Form der Verarbeitung ist die sog. automatisierte Entscheidungsfindung. Das sind Entscheidungen, die ausschlie\u00dflich auf einer automatisierten Verarbeitung beruhen und die sich rechtlich oder auf sonstige Weise erheblich auf Sie auswirken (z.B. Entscheidung \u00fcber die Begr\u00fcndung eines Vertrages). Zu einer derartigen Verarbeitung z\u00e4hlt auch das &#8222;Profiling&#8220;, das in jeglicher Form automatisierter Verarbeitung personenbezogener Daten unter Bewertung der pers\u00f6nlichen Aspekte in Bezug auf eine nat\u00fcrliche Person besteht, insbesondere zur Analyse oder Prognose von Aspekten bez\u00fcglich Arbeitsleistung, wirtschaftliche Lage, Gesundheit, pers\u00f6nliche Vorlieben oder Interessen, Zuverl\u00e4ssigkeit oder Verhalten, Aufenthaltsort oder Ortswechsel der betroffenen Person, soweit dies rechtliche Wirkung f\u00fcr die betroffene Person entfaltet oder sie in \u00e4hnlicher Weise erheblich beeintr\u00e4chtigt.<\/li><li>Grunds\u00e4tzlich sind solche Verarbeitungsvorg\u00e4nge verboten (vgl. Artikel 22 Absatz 1 DSGVO), wobei es von diesem Verbot auch Ausnahmen gibt. Sofern wir uns auf Ausnahmen berufen, erl\u00e4utern wir diese in unseren Datenschutzinformationen f\u00fcr Personen, denen gegen\u00fcber wir vertragliche Entscheidungen treffen, also i.d.R. Kunden und\/oder Lieferanten. Auf diese Erkl\u00e4rung nehmen wir Bezug.<\/li><\/ol><p>(2) Soweit wir nicht darauf hinweisen, setzen wir diese Technologie im Rahmen unserer Internetseite auch nicht ein.<\/p><p><strong>Daten\u00fcbermittlung an Stellen au\u00dferhalb der Europ\u00e4ischen Union<\/strong><\/p><p>(1) Es besteht die M\u00f6glichkeit, dass wir personenbezogenen Daten an Stellen \u00fcbermitteln und\/oder \u00fcbermitteln lassen, die au\u00dferhalb der Europ\u00e4ischen Union sitzen oder dies zumindest nicht ausschlie\u00dfen k\u00f6nnen (fortan: Drittlandstelle). In diesen F\u00e4llen m\u00fcssen wir nach Artikel 44 DSGVO garantieren, dass dadurch das Schutzniveau der Datenschutzgrundverordnung nicht unterschritten wird. Vorsorglich weisen wir darauf hin, dass die Drittlandstelle sowohl ein Verantwortlicher als auch ein Auftragsverarbeiter sein kann.<\/p><p>(2) Sofern wir uns in der nachfolgenden Erkl\u00e4rung auf einen sog. Angemessenheitsbeschluss berufen, bedeutet dies, dass die Drittlandstelle in einem Land, Gebiet oder spezifischen Sektor sitzt, zu dem die Kommission beschlossen hat, dass es ein angemessenes Schutzniveau bietet. Diese Garantie folgt dann aus Artikel 45 DSGVO.<\/p><p>(3) Sofern wir uns in der nachfolgenden Erkl\u00e4rung auf die sog. Standardvertragsklauseln berufen, bedeutet dies, dass die Drittlandstelle die sog. EU-Standardvertragsklauseln akzeptiert und sich damit vertraglich zur Achtung des Schutzniveaus der Datenschutzgrundverordnung verpflichtet hat. Diese Garantie folgt dann aus Artikel 46 Abs\u00e4tze 1 und 5 DSGVO.<\/p><p>(4) Sofern wir uns in der nachfolgenden Erkl\u00e4rung darauf berufen, dass Sie in die \u00dcbermittlung an die Drittlandstelle eingewilligt haben, bedeutet dies, dass Sie \u00fcber alle bestehenden m\u00f6glichen Risiken derartiger \u00dcbermittlungen, f\u00fcr die es keinen Angemessenheitsbeschluss oder andere Garantien gibt, informiert wurden und der Daten\u00fcbermittlung dennoch zugestimmt haben. Diese Garantie folgt dann aus Artikel 49 Absatz 1 lit. a DSGVO. Die entsprechenden Risiken schildern wir aus Transparenzgr\u00fcnden an gesonderter Stelle. \u00a0<\/p><p>(5) Diesen Hinweis erteilen wir nur vorsorglich. Er gilt nur, wenn wir in der nachfolgenden Erkl\u00e4rung hierauf Bezug nehmen. Es besteht auch die M\u00f6glichkeit, dass wir hiervon keinen Gebrauch machen.<\/p><p><strong>Sonderkonstellation: EU-Standardvertragsklauseln und Drittlandstellen mit Sitz in den USA<\/strong><\/p><p>(1) Erg\u00e4nzend zu den Ausf\u00fchrungen unter \u201eDaten\u00fcbermittlung an Stellen au\u00dferhalb der Europ\u00e4ischen Union\u201c \u2013 Absatz 3 weisen wir Sie auf eine Sonderkonstellation hin. Bei \u00dcbermittlungen an Drittlandstellen mit Sitz in den USA ist die M\u00f6glichkeit, sich auf die EU-Standardvertragsklauseln zu berufen, eingeschr\u00e4nkt. Sofern wir also beabsichtigen, uns in diesem Zusammenhang auf die EU-Standardvertragsklauseln zu berufen (oder dies bereits tun), weisen wir auf folgendes hin:<\/p><p>(2) Wir werden die \u00dcbermittlung personenbezogener Daten an US-Drittlandstellen nur dann auf die EU-Standardvertragsklauseln st\u00fctzen, wenn wir zuvor eine gr\u00fcndliche \u00dcberpr\u00fcfung des damit verbundenen Sachverhalts vorgenommen haben. Hierbei ermitteln wir zun\u00e4chst ein Risikolevel (Art und insbesondere Sensibilit\u00e4t der betroffenen Daten, Umfang der Datenverarbeitung, Zweck der Datenverarbeitung, Missbrauchsanf\u00e4lligkeit). Anschlie\u00dfend pr\u00fcfen wir, ob die vertraglichen Zusagen der US-Drittlandstelle sowie die dort getroffenen technischen und organisatorischen Ma\u00dfnahmen (z.B. Verarbeitung von Daten ausschlie\u00dflich in EU-basierten Rechenzentren, Verschl\u00fcsselungstechnologie) die vorab festgestellten Risiken hinreichend minimieren. Nur wenn wir hierbei zu dem Ergebnis kommen, dass die EU-Standardvertragsklauseln ausnahmsweise auch bei einer US-Drittlandstelle eine hinreichende Garantie sind, werden wir uns darauf berufen.<\/p><p>(3) Diesen Hinweis erteilen wir nur vorsorglich. Er gilt nur, wenn wir in der nachfolgenden Erkl\u00e4rung hierauf Bezug nehmen. Es besteht auch die M\u00f6glichkeit, dass wir hiervon keinen Gebrauch machen.<\/p><p><strong>Sonderkonstellation: Einwilligung in die \u00dcbermittlung an Drittlandstellen mit Sitz in den USA, einschlie\u00dflich der <u>Risikohinweise<\/u><\/strong><\/p><p>(1) Erg\u00e4nzend zu den Ausf\u00fchrungen unter \u201eDaten\u00fcbermittlung an Stellen au\u00dferhalb der Europ\u00e4ischen Union\u201c \u2013 Absatz 4 weisen wir Sie auf eine weitere Sonderkonstellation hin. Bei \u00dcbermittlungen an Drittlandstellen mit Sitz in den USA ist die M\u00f6glichkeit, sich auf die EU-Standardvertragsklauseln zu berufen, eingeschr\u00e4nkt. Daher bleibt in einigen F\u00e4llen nur die M\u00f6glichkeit, Sie nach Ihrer Einwilligung in diese \u00dcbermittlung zu fragen. Bevor Sie diese Einwilligung jedoch erteilen, bitten wir Sie folgende Risiken zur Kenntnis zu nehmen und bei der Entscheidung, ob Sie einwilligen, zu bedenken:<\/p><p>(2) Wir weisen Sie mit Nachdruck darauf hin, dass eine Daten\u00fcbermittlung in die USA ohne den Schutz eines Angemessenheitsbeschlusses ggf. erhebliche Risiken mit sich bringt. Es ist insbesondere auf folgende Risiken hinzuweisen:<\/p><ol><li>In den USA existiert kein einheitliches Datenschutzrecht; schon gar nicht ein solches, das vergleichbar mit dem in der EU geltenden Datenschutzrecht w\u00e4re. Das bedeutet, dass sowohl US-Unternehmen als auch staatliche Stellen mehr M\u00f6glichkeiten haben, Ihre personenbezogenen Daten zu verarbeiten, insbesondere zur werblichen Ansprache, Profilbildung und Durchf\u00fchrung von (strafrechtlichen) Ermittlungen. Unsere M\u00f6glichkeiten, dagegen vorzugehen sind erheblich eingeschr\u00e4nkt.<\/li><li>Der US-Gesetzgeber hat sich zahlreiche Zugriffsrechte auf Ihre personenbezogenen Daten zugebilligt (vgl. etwa Section 702 des FISA oder die E.O. 12333 i.V.m. PPD-28), die mit unserem Rechtsverst\u00e4ndnis nicht vereinbar sind. Insbesondere findet keine, mit den in der Europ\u00e4ischen Union vergleichbare Verh\u00e4ltnism\u00e4\u00dfigkeitspr\u00fcfung vor einem Zugriff statt.<\/li><li>B\u00fcrger der Europ\u00e4ischen Union haben in den USA keinen effektiven Rechtsschutz zu erwarten.<\/li><li>Wir werden Sie i.d.R. nur dann um eine solche Einwilligung bitten, wenn wir zu dem Ergebnis gekommen sind, dass die US-Drittlandstelle sich nicht erfolgreich auf EU-Standardvertragsklauseln berufen kann.<\/li><\/ol><p>(3) Diese Erkl\u00e4rung geben wir lediglich vorsorglich ab. Sie gilt nur, wenn wir in der nachfolgenden Erkl\u00e4rung hierauf Bezug nehmen. Es besteht auch die M\u00f6glichkeit, dass wir hiervon keinen Gebrauch machen.<\/p><p><strong>Hinweis zur rechtlichen Verarbeitungspflicht<\/strong><\/p><p>Nur sofern wir in der nachfolgenden Datenschutzerkl\u00e4rung auf Artikel 6 Absatz 1 Satz 1 lit. c DSGVO hinweisen, besteht eine rechtliche Pflicht zur Verarbeitung.<\/p><h2>\u00a0<\/h2><h2><strong>Besonderer Teil.<\/strong><\/h2><p><strong>Verarbeitungsvorg\u00e4nge, f\u00fcr die Ihre Einwilligung erforderlich ist <\/strong><\/p><p><strong>(Rechtsgrundlage Artikel 6 Absatz 1 Satz 1 lit. a DSGVO). <\/strong><\/p><p><strong>\u00a0<\/strong><\/p><p><strong>Allgemeine Hinweise zu Zweck und Rechtsgrundlage der nachfolgend beschriebenen Verarbeitungsvorg\u00e4nge.<\/strong><\/p><p>(1) Der Zweck der nachfolgend beschriebenen Verarbeitungsvorg\u00e4nge wird nachfolgend gesondert beschrieben.<\/p><p>(2) Rechtsgrundlage f\u00fcr die jeweilige Datenverarbeitung ist Ihre Einwilligung gem\u00e4\u00df Artikel 6 Absatz 1 Satz 1 lit. a DSGVO. Nach dieser Vorschrift ist die Verarbeitung Ihrer personenbezogenen Daten zul\u00e4ssig, wenn Sie Ihre Einwilligung zu der Verarbeitung der Sie betreffenden personenbezogenen Daten f\u00fcr einen oder mehrere bestimmte Zwecke gegeben haben.<\/p><p>(3) Es besteht die M\u00f6glichkeit, dass Sie Ihre Einwilligung \u00fcber einen Cookie-Banner erteilen oder durch Setzen einer Checkbox erteilen.<\/p><p>(4) Ein Profiling findet nicht statt, es sei denn es wird nachfolgend ausdr\u00fccklich erw\u00e4hnt.<\/p><p><strong>Allgemeine Hinweise zur Speicherungsdauer bzgl. der Daten im Rahmen der nachfolgend beschriebenen Verarbeitungsvorg\u00e4nge.<\/strong><\/p><p>Wir speichern die Daten, bis Sie Ihre Einwilligung widerrufen haben.<\/p><p><strong>Hinweis bei Rechtsgrundlage \u201eEinwilligung\u201c.<\/strong><\/p><p>(1) Soweit wir von Ihnen eine Einwilligung f\u00fcr die Verarbeitung einholen, haben Sie jederzeit das Recht, diese Einwilligung mit Wirkung f\u00fcr die Zukunft zu widerrufen. In der Regel ist dies durch formlose Nachricht an uns (vgl. oben \u201eVerantwortlicher.\u201c) m\u00f6glich, ohne dass hierf\u00fcr andere als die \u00dcbermittlungskosten nach den Basistarifen entstehen.<\/p><p>(2) Ferner weisen wir darauf hin, dass wir im Rahmen der Einholung der Einwilligung, weitere Ihrer personenbezogenen Daten verarbeiten. Das sind einerseits Identit\u00e4tsmerkmale (etwa Ihr Name, Ihre E-Mail-Adresse, Ihre IP-Adresse) und andererseits Protokolldaten zur Einwilligung (Zeitpunkt der Einwilligung, Status der Einwilligung, Umfang der Einwilligung). Diese Datenverarbeitung st\u00fctzen wir auf Artikel 6 Absatz 1 Satz 1 lit. c DSGVO i.V.m. Artikel 7 Absatz 1 DSGVO. Zweck ist die Notwendigkeit, Ihre Einwilligungserteilung nachweisen zu m\u00fcssen.<\/p><p>(3) Die Identit\u00e4tsmerkmale und Protokolldaten zur Einwilligung speichern wir, bis zum Ablauf des dritten Kalenderjahres, das auf das Jahr folgt, in dem Sie die Einwilligung widerrufen. Rechtsgrundlage f\u00fcr diese Aufbewahrung ist Artikel 6 Absatz 1 Satz 1 lit. f DSGVO, wobei unser berechtigtes Interesse daraus folgt, dass wir innerhalb des relevanten, zivilrechtlichen Verj\u00e4hrungszeitraumes nachweisen k\u00f6nnen m\u00fcssen, dass und worin Sie eingewilligt haben.<\/p><p><strong>Veranstaltungseinladung f\u00fcr BVMW-Bestandsmitglieder, BVMW-Interessent<\/strong><\/p><p>(1) Sofern Sie ein BVMW-Bestandsmitglied, laden wir Sie per E-Mail zur Veranstaltung ein. Wir verarbeiten dabei die folgenden Daten: Ihr Name, Ihre E-Mail-Adresse, Status Mitgliedschaft. Dies st\u00fctzen wir auf die bei Begr\u00fcndung Ihrer Mitgliedschaft erteilte Einwilligung in die werbliche Ansprache.<\/p><p>(2) Sofern Sie kein BVMW-Bestandsmitglied, sondern ein bei einem unserer Funktionstr\u00e4ger gelisteter Interessent sind, hat uns dieser Funktionstr\u00e4ger beauftragt, Sie einzuladen. N\u00e4heres erfahren Sie bei unserem Funktionstr\u00e4ger.<\/p><p><strong>Einwilligung in den Einsatz von Zoom sowie in die Verarbeitung besonders sensibler Daten.<\/strong><\/p><p>(1) Im Rahmen der Anmeldungskommunikation zwischen uns und unmittelbar bevor Sie an unserer Videokonferenz zum Jahresimpuls teilnehmen, finden Sie folgenden Text: \u201e<em>Mit Ihrer freiwilligen Teilnahme am Jahresimpuls stimmen Sie zu, dass wir das Videokonferenztool Zoom einsetzen (vgl. unsere Risikohinweise in der Transparenzerkl\u00e4rung). Sie haben die M\u00f6glichkeit, die Ton- und\/oder Bild\u00fcbertrag durchgehend inaktiv zu lassen. Sofern Sie die Ton- und\/oder Bild\u00fcbertragung aktivieren, stimmen Sie der damit verbundenen Verarbeitung erg\u00e4nzend zu.<\/em>\u201c Sofern Sie in Kenntnis dieses Textes, der Videokonferenz beitreten, willigen Sie darin ein, dass besonders sensible Daten (z.B. Gesundheitsdaten bei Brillentr\u00e4gern) mit\u00fcbertragen werden.<\/p><p>(2) Ferner willigen Sie darin ein, dass wir hierf\u00fcr den US-Dienstleister Zoom Video Communications, Inc, 55 Almaden Blvd, Suite 600, San Jose, CA 95113 (USA) weitere Kontaktm\u00f6glichkeit hier: <a href=\"https:\/\/support.zoom.us\/hc\/de\">https:\/\/support.zoom.us\/hc\/de<\/a> einsetzen. <strong>Bitte lesen Sie vorher unbedingt unserer Hinweise unter \u201eAllgemeiner Teil\/<\/strong> <strong>Sonderkonstellation: Einwilligung in die \u00dcbermittlung an Drittlandstellen mit Sitz in den USA, einschlie\u00dflich der Risikohinweise\u201c.<\/strong><\/p><p>[Checkbox]\u00a0\u00a0\u00a0\u00a0\u00a0\u00a0 Hiermit willige ich ein, dass der der BVMW &#8211; Bundesverband mittelst\u00e4ndische Wirtschaft, Unternehmerverband Deutschlands e.V. mich per E-Mail werblich ansprechen darf, wie in der <u>Transparenzerkl\u00e4rung<\/u> beschrieben.<\/p><p>[Checkbox]\u00a0\u00a0\u00a0\u00a0\u00a0\u00a0 Hiermit willige ich ein, dass der der BVMW &#8211; Bundesverband mittelst\u00e4ndische Wirtschaft, Unternehmerverband Deutschlands e.V. mich per Telefon werblich ansprechen darf, wie in der <u>Transparenzerkl\u00e4rung<\/u> beschrieben.<\/p><p><strong>Einwilligung in die werbliche Ansprache per E-Mail.<\/strong><\/p><p>(1) Sofern Sie die Checkbox mit dem Text \u201eHiermit willige ich ein, dass der der BVMW &#8211; Bundesverband mittelst\u00e4ndische Wirtschaft, Unternehmerverband Deutschlands e.V. mich per E-Mail werblich ansprechen darf, wie in der Transparenzerkl\u00e4rung beschrieben.\u201c aktivieren, werden wir Sie werblich ansprachen.<\/p><p>(2) Die werbliche Ansprache umfasst folgendes: Wir werden Ihren Namen, Ihre E-Mail-Adresse sowie auftragsbezogene Kommunikationsinhalte\/Teilnahmeverhalten sowie Informationen zu Ihrem Lese- und Klickverhalten dazu verwenden, Sie werblich anzusprechen. Die werbliche Ansprache per E-Mail. Inhaltlich umfasst die werbliche Ansprache jede \u00c4u\u00dferung von uns, bei der Aus\u00fcbung unseres, konkreten Gewerbes mit dem Ziel, den Absatz unserer Waren oder die Erbringung unserer Dienstleistungen zu f\u00f6rdern. Dazu z\u00e4hlen insbesondere, aber nicht abschlie\u00dfend regelm\u00e4\u00dfige und unregelm\u00e4\u00dfige Newsletter, Einladungen, Kundenzufriedenheitsbefragungen und Angebote f\u00fcr konkrete Produkte und Leistungen. Ferner umfasst die werbliche Ansprache, dass wir Sie per E-Mail, auf die kostenfreien und kostenpflichtigen Produkte und Dienstleistungen aufmerksam machen d\u00fcrfen, die unsere Kooperationspartner anbieten. Hierbei werden Ihre Daten nicht an diese Kooperationspartner \u00fcbermittelt. Vielmehr empfehlen wir Ihnen lediglich deren Produkte, wobei wir diese Nachrichten selbst editieren k\u00f6nnen. Wir weisen Sie insbesondere darauf hin, dass Sie der Verwendung Ihrer Daten zu werblichen Zwecken jederzeit widersprechen k\u00f6nnen, ohne dass hierf\u00fcr andere als die \u00dcbermittlungskosten nach den Basistarifen entstehen.<\/p><p><strong>Einwilligung in die werbliche Ansprache per Telefon.<\/strong><\/p><p>(1) Sofern Sie die Checkbox mit dem Text \u201eHiermit willige ich ein, dass der der BVMW &#8211; Bundesverband mittelst\u00e4ndische Wirtschaft, Unternehmerverband Deutschlands e.V. mich per Telefon werblich ansprechen darf, wie in der Transparenzerkl\u00e4rung beschrieben.\u201c aktivieren, werden wir Sie werblich ansprachen.<\/p><p>(2) Die werbliche Ansprache umfasst folgendes: Wir werden Ihren Namen, Ihre Telefonnummer sowie auftragsbezogene Kommunikationsinhalte\/Teilnahmeverhalten sowie Informationen zu Ihrem Lese- und Klickverhalten dazu verwenden, Sie werblich anzusprechen. Die werbliche Ansprache per E-Mail. Inhaltlich umfasst die werbliche Ansprache jede \u00c4u\u00dferung von uns, bei der Aus\u00fcbung unseres, konkreten Gewerbes mit dem Ziel, den Absatz unserer Waren oder die Erbringung unserer Dienstleistungen zu f\u00f6rdern. Dazu z\u00e4hlen insbesondere, aber nicht abschlie\u00dfend regelm\u00e4\u00dfige und unregelm\u00e4\u00dfige Newsletter, Einladungen, Kundenzufriedenheitsbefragungen und Angebote f\u00fcr konkrete Produkte und Leistungen. Ferner umfasst die werbliche Ansprache, dass wir Sie per E-Mail, auf die kostenfreien und kostenpflichtigen Produkte und Dienstleistungen aufmerksam machen d\u00fcrfen, die unsere Kooperationspartner anbieten. Hierbei werden Ihre Daten nicht an diese Kooperationspartner \u00fcbermittelt. Vielmehr empfehlen wir Ihnen lediglich deren Produkte, wobei wir diese Nachrichten selbst editieren k\u00f6nnen. Wir weisen Sie insbesondere darauf hin, dass Sie der Verwendung Ihrer Daten zu werblichen Zwecken jederzeit widersprechen k\u00f6nnen, ohne dass hierf\u00fcr andere als die \u00dcbermittlungskosten nach den Basistarifen entstehen.<strong>\u00a0<\/strong><\/p><h2><strong>Die Datenverarbeitung beim Einsatz von Salesforce.<\/strong><\/h2><p>(1) F\u00fcr Zwecke der Anmeldungsverwaltung und Durchf\u00fchrung der Veranstaltung setzen wir das CRM-tool Salesforce ein. Anbieter dieses tools ist die Salesforce, Inc., die in Deutschland durch die\u00a0<a href=\"http:\/\/salesforce.com\/\">Salesforce.com<\/a>\u00a0Germany GmbH, Erika-Mann-Str. 63, 80636 M\u00fcnchen, Deutschland vertreten wird. N\u00e4here Informationen zum Datenschutz in diesem Unternehmen finden Sie unter:\u00a0<a href=\"https:\/\/www.salesforce.com\/gdpr\/overview\/\">https:\/\/www.salesforce.com\/gdpr\/overview\/<\/a>.<br \/>(2) Wir haben diesen Anbieter sorgf\u00e4ltig ausgew\u00e4hlt und gem\u00e4\u00df Artikel 28 DSGVO beauftragt, wobei Sie die Vertragsurkunde gem\u00e4\u00df Artikel 28 Absatz 3 DSGVO hier finden:\u00a0<a href=\"https:\/\/www.salesforce.com\/content\/dam\/web\/en_us\/www\/documents\/legal\/Agreements\/data-processing-addendum.pdf\">https:\/\/www.salesforce.com\/content\/dam\/web\/en_us\/www\/documents\/legal\/Agreements\/data-processing-addendum.pdf<\/a>. Der Beauftragung steht auch nicht entgegen, dass die Salesforce, Inc. ihren Sitz au\u00dferhalb der Europ\u00e4ischen Union hat. Denn der Anbieter hat die sog. EU-Standardvertragsklauseln unterzeichnet.<\/p><p><strong>\u00a0<\/strong><\/p><h2><strong>Besonderer Teil.<\/strong><\/h2><p><strong>Verarbeitungsvorg\u00e4nge, die f\u00fcr die Erf\u00fcllung von Vertr\u00e4gen erforderlich sind (Rechtsgrundlage Artikel 6 Absatz 1 Satz 1 lit. b DSGVO). <\/strong><\/p><p><strong>\u00a0<\/strong><\/p><p><strong>Allgemeine Hinweise zu Zweck und Rechtsgrundlage der nachfolgend beschriebenen Verarbeitungsvorg\u00e4nge.<\/strong><\/p><p>(1) Zweck der nachfolgend beschriebenen Verarbeitungsvorg\u00e4nge ist die Begr\u00fcndung, Durchf\u00fchrung und\/oder Beendigung von Vertr\u00e4gen.<\/p><p>(2) Rechtsgrundlage f\u00fcr die jeweilige Datenverarbeitung ist Artikel 6 Absatz 1 Satz 1 lit. b DSGVO. Nach dieser Vorschrift ist die Verarbeitung Ihrer personenbezogenen Daten auch ohne Ihre Einwilligung zul\u00e4ssig, wenn sie f\u00fcr die Erf\u00fcllung eines Vertrags, dessen Vertragspartei Sie sind, oder zur Durchf\u00fchrung vorvertraglicher Ma\u00dfnahmen erforderlich ist, die auf Ihre Anfrage erfolgen. Dies ist hier der Fall.<\/p><p>(3) Ein Profiling findet nicht statt, es sei denn es wird nachfolgend ausdr\u00fccklich erw\u00e4hnt.<\/p><p><strong>Allgemeine Hinweise zur Speicherungsdauer bzgl. der Daten im Rahmen der nachfolgend beschriebenen Verarbeitungsvorg\u00e4nge.<\/strong><\/p><p>(1) Wir speichern die Daten, solange dies erforderlich ist, um den Vertrag zu begr\u00fcnden, durchzuf\u00fchren und ggf. zu beenden.<\/p><p>(2) Sofern zwischen uns ein Vertragsverh\u00e4ltnis zustande kommt, speichern wir die Daten erg\u00e4nzend bis zum Ablauf unserer gesetzlichen Aufbewahrungsfristen. Rechtsgrundlage hierf\u00fcr ist Artikel 6 Absatz 1 Satz 1 lit. c DSGVO i.V.m. \u00a7 147 AO, \u00a7 257 HGB. Nach diesen Vorschriften sind einige der o.g. Daten auch \u00fcber den Zeitpunkt der Zweckerreichung hinaus aufzubewahren. So sind wir ggf. verpflichtet,<\/p><ol><li>Daten zu Ihrer Person, die sich aus B\u00fcchern und Aufzeichnungen, Inventaren, Jahresabschl\u00fcssen, Einzelabschl\u00fcssen nach \u00a7 325 Abs. 2a HGB, Konzernabschl\u00fcssen, Lageberichten und Konzernlageberichten, Er\u00f6ffnungsbilanzen, Buchungsbelegen, Unterlagen nach Artikel 15 Absatz 1 und Artikel 163 des Zollkodex der Union, Handelsb\u00fcchern sowie die zu ihrem Verst\u00e4ndnis erforderlichen Arbeitsanweisungen und sonstigen Organisationsunterlagen ergeben, f\u00fcr zehn Jahre aufzubewahren, wobei die Aufbewahrungsfrist i.d.R. mit dem Schluss des Kalenderjahrs beginnt, in dem das ma\u00dfgebliche Dokument entstanden ist (Artikel 6 Absatz 1 Satz 1 lit. c DSGVO i.V.m. \u00a7 147 AO bzw. i.V.m. \u00a7 257 HGB),<\/li><li>Daten zu Ihrer Person, die sich aus empfangenen Handels- oder Gesch\u00e4ftsbriefen, aus der Wiedergabe der empfangenen Handels- oder Gesch\u00e4ftsbriefe sowie aus sonstigen Unterlagen, die f\u00fcr die Besteuerung von Bedeutung sind, f\u00fcr sechs Jahre aufzubewahren, wobei die Aufbewahrungsfrist i.d.R. mit dem Schluss des Kalenderjahrs beginnt, in dem das ma\u00dfgebliche Dokument entstanden ist (Artikel 6 Absatz 1 Satz 1 lit. c DSGVO i.V.m. \u00a7 147 AO bzw. i.V.m. \u00a7 257 HGB).<\/li><\/ol><p><strong>Ihre Teilnahme an der Veranstaltung<\/strong><\/p><p>Soweit Sie an unserer Veranstaltung teilnehmen, verarbeiten wir, unabh\u00e4ngig davon, ob dies kostenpflichtig oder kostenfrei gescheit, s\u00e4mtliche Daten, die Sie uns gegen\u00fcber mitteilen sowie alle Daten, die zwingend f\u00fcr die Begr\u00fcndung, Durchf\u00fchrung und Beendigung des damit verbundenen (ggf. nicht kostenpflichtigen) Vertrags, erforderlich sind.<\/p><p><strong>Der Einsatz von Zoom.<\/strong><\/p><p>(1) Wir setzen hier den folgenden Anbieter ein: Zoom Video Communications, Inc, 55 Almaden Blvd, Suite 600, San Jose, CA 95113 (USA) weitere Kontaktm\u00f6glichkeit hier: <a href=\"https:\/\/support.zoom.us\/hc\/de\">https:\/\/support.zoom.us\/hc\/de<\/a>.\u00a0 Gern beschreiben wir diesen Verarbeitungsvorgang kurz: Sie k\u00f6nnen sich zu unserem Jahresimpuls anmelden. Alle hiermit verbundenen, erforderlichen Schritte, von der Anbahnung, zur Durchf\u00fchrung bis zur Nachbereitung des Jahresimpulses f\u00fchren wir \u00fcber diesen Dienstleister aus, der zu diesen Zwecken Ihre Daten erh\u00e4lt, sobald Sie sich f\u00fcr die Tagung anmelden, sp\u00e4testens aber, wenn Sie daran teilnehmen. Wir verarbeiten hier die Daten, die uns der Anbieter uns zum Zweck der Begr\u00fcndung, Durchf\u00fchrung und Beendigung dieses Vertrages zur Verf\u00fcgung stellt, exakt zu diesen Zwecken. Wir haben diesen Anbieter nach Artikel 28 DSGVO beauftragt. Die Datenschutzerkl\u00e4rung dieses Anbieters finden Sie hier: <a href=\"https:\/\/www.blizz.com\/de\/privacy-policy-website\/\">\u00a0https:\/\/zoom.us\/de-de\/privacy.html <\/a>.<\/p><p>(2) Hierbei verarbeiten wir in der Regel folgende Daten von Ihnen: Wir dokumentieren \u00fcber diesen Anbieter alle Daten, die Sie bei der Anmeldung und Teilnahme an der Tagung von sich preisgeben. N\u00e4here Informationen zur Art und Weise der Verarbeitung finden Sie unter: <a href=\"https:\/\/zoom.us\/webinar\">https:\/\/zoom.us\/webinar<\/a>.\u00a0\u00a0\u00a0\u00a0<\/p><p><strong>(3) Der Beauftragung steht nicht entgegen, dass der Anbieter die Daten au\u00dferhalb der EU verarbeitet. Mit Ihrer Teilnahme stimmen Sie auch dem Einsatz eines US-Tools i.S.v. Artikel 49 Absatz 1 lit. a DSGVO zu. Bitte lesen Sie vorher unbedingt unserer Hinweise unter \u201eAllgemeiner Teil\/ <\/strong><strong>Sonderkonstellation: Einwilligung in die \u00dcbermittlung an Drittlandstellen mit Sitz in den USA, einschlie\u00dflich der Risikohinweise\u201c.<\/strong><\/p><p><strong>\u00a0<\/strong><\/p><p><strong>Der Einsatz von Veertly. <\/strong><\/p><p>(1) Wir setzen hier den folgenden Anbieter ein: S.rl \/ Veertly GmbH \/ Veertly LLC (i.G.), Alexander Spahn &amp; Joao, Aguiam Avenue General-Guisan 22, 1180 Rolle, Schweiz. Gern beschreiben wir diesen Verarbeitungsvorgang kurz: Mithilfe dieser Anwendung koordinieren wir die Teilnahme an dem Jahresimpuls. Wir haben diesen Anbieter nach Artikel 28 DSGVO beauftragt. Die Datenschutzerkl\u00e4rung dieses Anbieters finden Sie hier: <a href=\"https:\/\/www.veertly.com\/privacy-policy\">https:\/\/www.veertly.com\/privacy-policy<\/a>.<\/p><p>(2) Hierbei verarbeiten wir in der Regel folgende Daten von Ihnen: Wir dokumentieren \u00fcber diesen Anbieter alle Daten, die Sie bei der Anmeldung und Teilnahme an der Tagung von sich preisgeben. N\u00e4here Informationen zur Art und Weise der Verarbeitung finden Sie unter: <a href=\"https:\/\/www.veertly.com\/\">https:\/\/www.veertly.com\/<\/a> (Reiter Funktionen).<\/p><p>(3) Der Beauftragung steht nicht entgegen, dass der Anbieter die Daten au\u00dferhalb der EU verarbeitet. Denn der Anbieter sitzt in der Schweiz und f\u00fcr dieses Land hat die Europ\u00e4ische Kommission einen Beschluss nach Artikel 45 DSGVO gefasst.<\/p><p><strong>Der Einsatz von Wonder.me <\/strong><\/p><p>(1) Wir setzen hier den folgenden Anbieter ein: Wonder Technologies GmbH, Tempelhofer Ufer 1A, 10961 Berlin. Gern beschreiben wir diesen Verarbeitungsvorgang kurz: Mithilfe dieser Anwendung erm\u00f6glichen wir den Teilnehmern am Jahresimpuls das Networking und Chatten. Wir haben diesen Anbieter nach Artikel 28 DSGVO beauftragt.<\/p><p>Die Datenschutzerkl\u00e4rung dieses Anbieters finden Sie hier: <a href=\"https:\/\/wonder.me\/policies\/privacy-policies\">https:\/\/wonder.me\/policies\/privacy-policies<\/a>.<\/p><p>(2) Hierbei verarbeiten wir in der Regel folgende Daten von Ihnen: Wir dokumentieren \u00fcber diesen Anbieter alle Daten, die Sie bei der Anmeldung und Teilnahme an der Tagung von sich preisgeben. N\u00e4here Informationen zur Art und Weise der Verarbeitung finden Sie unter: <a href=\"https:\/\/wonder.me\/gdpr\">https:\/\/wonder.me\/gdpr<\/a> .<\/p><p><strong>Der Einsatz von HyHyve:<\/strong><\/p><p>(1) Wir setzen hier den folgenden Anbieter ein: Binary Please UG (haftungsbeschr\u00e4nkt), c\/o Factory Works GmbH, Rheinsberger Stra\u00dfe 76\/77, 10115 Berlin. Gern beschreiben wir diesen Verarbeitungs-vorgang kurz: Mithilfe dieser Anwendung erm\u00f6glichen wir den Teilnehmern am Jahresimpuls das Networking und\/oder Chatten untereinander. Wir haben diesen Anbieter nach Artikel 28 DSGVO beauftragt. \u00a0Mehr zu diesem Anbieters finden Sie hier: <a href=\"https:\/\/www.hyhyve.com\/de\/\">https:\/\/www.hyhyve.com\/de\/<\/a><\/p><p>(2) Hierbei verarbeiten wir in der Regel folgende Daten von Ihnen: Wir dokumentieren \u00fcber diesen Anbieter alle Daten, die Sie bei der Anmeldung und Teilnahme an der Tagung von sich preisgeben. N\u00e4here Informationen zur Art und Weise der Verarbeitung finden Sie unter: <a href=\"https:\/\/www.hyhyve.com\/de\/datenschutz\/\">https:\/\/www.hyhyve.com\/de\/datenschutz\/<\/a>\u00a0<\/p><p><strong>Verarbeitungsvorg\u00e4nge, die unserem berechtigten Interesse liegen (Rechtsgrundlage Artikel 6 Absatz 1 Satz 1 lit. f DSGVO). <\/strong><\/p><p><strong>\u00a0<\/strong><\/p><p><strong>Allgemeine Hinweise zu Zweck und Rechtsgrundlage der nachfolgend beschriebenen Verarbeitungsvorg\u00e4nge.<\/strong><\/p><p>(1) Der Zweck der nachfolgend beschriebenen Verarbeitungsvorg\u00e4nge ist bei jedem Tool\/jeder Verarbeitungskonstellation gesondert beschrieben. Er ist ma\u00dfgebliche Begr\u00fcndung f\u00fcr unser berechtigtes Interesse an der Verarbeitung.<\/p><p>(2) Rechtsgrundlage f\u00fcr die jeweilige Datenverarbeitung ist Artikel 6 Absatz 1 Satz 1 lit. f DSGVO. Nach dieser Vorschrift ist die Verarbeitung Ihrer personenbezogenen Daten auch ohne Ihre Einwilligung zul\u00e4ssig, wenn sie zur Wahrung unserer berechtigten Interessen oder eines Dritten erforderlich ist, sofern nicht Ihre Interessen oder Grundrechte und Grundfreiheiten, die den Schutz personenbezogener Daten erfordern, \u00fcberwiegen.<\/p><p>(3) Ein Profiling findet nicht statt, es sei denn es wird nachfolgend ausdr\u00fccklich erw\u00e4hnt.<\/p><p><strong>Allgemeine Hinweise zur Speicherungsdauer bzgl. der Daten im Rahmen der nachfolgend beschriebenen Verarbeitungsvorg\u00e4nge.<\/strong><\/p><p>(1) Wir speichern die Daten, bis unser Zweck weggefallen ist, was stets der Fall ist, wenn Sie einen begr\u00fcndeten Widerspruch erhoben haben (vgl. \u201eHinweis zum Widerspruchsrecht.\u201c).\u00a0<\/p><p>(2) Sollte sich im Anschluss an eine Verarbeitung, die auf das berechtigte Interesse gest\u00fctzt wird, zwischen uns ein Vertragsverh\u00e4ltnis zustande kommen, speichern wir die Daten erg\u00e4nzend bis zum Ablauf unserer gesetzlichen Aufbewahrungsfristen. Rechtsgrundlage hierf\u00fcr ist Artikel 6 Absatz 1 Satz 1 lit. c DSGVO i.V.m. \u00a7 147 AO, \u00a7 257 HGB. Nach diesen Vorschriften sind einige der o.g. Daten auch \u00fcber den Zeitpunkt der Zweckerreichung hinaus aufzubewahren. So sind wir ggf. verpflichtet,<\/p><ol><li>Daten zu Ihrer Person, die sich aus B\u00fcchern und Aufzeichnungen, Inventaren, Jahresabschl\u00fcssen, Einzelabschl\u00fcssen nach \u00a7 325 Abs. 2a HGB, Konzernabschl\u00fcssen, Lageberichten und Konzernlageberichten, Er\u00f6ffnungsbilanzen, Buchungsbelegen, Unterlagen nach Artikel 15 Absatz 1 und Artikel 163 des Zollkodex der Union, Handelsb\u00fcchern sowie die zu ihrem Verst\u00e4ndnis erforderlichen Arbeitsanweisungen und sonstigen Organisationsunterlagen ergeben, f\u00fcr zehn Jahre aufzubewahren, wobei die Aufbewahrungsfrist i.d.R. mit dem Schluss des Kalenderjahrs beginnt, in dem das ma\u00dfgebliche Dokument entstanden ist (Artikel 6 Absatz 1 Satz 1 lit. c DSGVO i.V.m. \u00a7 147 AO bzw. i.V.m. \u00a7 257 HGB),<\/li><li>Daten zu Ihrer Person, die sich aus empfangenen Handels- oder Gesch\u00e4ftsbriefen, aus der Wiedergabe der empfangenen Handels- oder Gesch\u00e4ftsbriefe sowie aus sonstigen Unterlagen, die f\u00fcr die Besteuerung von Bedeutung sind, f\u00fcr sechs Jahre aufzubewahren, wobei die Aufbewahrungsfrist i.d.R. mit dem Schluss des Kalenderjahrs beginnt, in dem das ma\u00dfgebliche Dokument entstanden ist (Artikel 6 Absatz 1 Satz 1 lit. c DSGVO i.V.m. \u00a7 147 AO bzw. i.V.m. \u00a7 257 HGB).<\/li><\/ol><p><strong>Hinweis zum Widerspruchsrecht.<\/strong><\/p><p>(1) Soweit wir in der nachfolgenden Datenschutzerkl\u00e4rung eine Datenverarbeitung auf Artikel 6 Absatz 1 Satz 1 lit. f DSGVO, also auf ein berechtigtes Interesse an der Verarbeitung, st\u00fctzen, haben Sie stets das Recht, der Verarbeitung zu widersprechen. In der Regel ist dies durch formlose Nachricht an uns (vgl. oben \u201eVerantwortlicher.\u201c) m\u00f6glich. Sofern der Widerspruch begr\u00fcndet ist, werden wir die Verarbeitung einstellen.<\/p><p>(2) Wenn das berechtigte Interesse auf dem Interesse an Direktwerbung bzw. werblicher Ansprache beruht, ist Ihr Widerspruch, soweit Sie identifiziert sind, stets begr\u00fcndet.<\/p><p><strong>Veranstaltungseinladung f\u00fcr politische Entscheidungstr\u00e4ger<\/strong><\/p><p>Sofern Sie ein politischer Entscheidungstr\u00e4ger, laden wir Sie per E-Mail zur Veranstaltung ein. Wir verarbeiten dabei die folgenden Daten: Ihr Name, Ihre E-Mail-Adresse, Status politischer Entscheidungstr\u00e4ger. Das berechtigte Interesse folgt aus unserem satzungsgem\u00e4\u00dfen Auftrag, die Interessen unserer Mitglieder an politische Entscheidungstr\u00e4ger zu kommunizieren und ist durch Artikel 5 Absatz 1 Satz 1 GG und Artikel 9 Absatz 1 GG gesch\u00fctzt.<\/p><p><strong>Die Verarbeitung Ihrer Daten zwecks werblicher Ansprache.<\/strong><\/p><p>(1) Sofern Sie nicht bereits von uns informiert wurden, teilen wir Ihnen mit, dass wir Sie nunmehr werblich ansprechen werden.\u00a0<\/p><p>(2) Wir werden Ihren Namen, Ihre E-Mail-Adresse sowie auftragsbezogene Kommunikationsinhalte sowie Informationen zu Ihrem Lese- und Klickverhalten dazu verwenden, Sie werblich anzusprechen. Die werbliche Ansprache per E-Mail und\/oder Briefpost. Inhaltlich umfasst die werbliche Ansprache jede \u00c4u\u00dferung von uns, bei der Aus\u00fcbung unseres, konkreten Gewerbes mit dem Ziel, den Absatz unserer Waren oder die Erbringung unserer Dienstleistungen zu f\u00f6rdern. Dazu z\u00e4hlen insbesondere, aber nicht abschlie\u00dfend regelm\u00e4\u00dfige und unregelm\u00e4\u00dfige Newsletter, Einladungen, Kundenzufriedenheitsbefragungen und Angebote f\u00fcr konkrete Produkte und Leistungen. Ferner umfasst die werbliche Ansprache, dass wir Sie per E-Mail, auf die kostenfreien und kostenpflichtigen Produkte und Dienstleistungen aufmerksam machen d\u00fcrfen, die unsere Kooperationspartner anbieten. Hierbei werden Ihre Daten nicht an diese Kooperationspartner \u00fcbermittelt. Vielmehr empfehlen wir Ihnen lediglich deren Produkte, wobei wir diese Nachrichten selbst editieren k\u00f6nnen. <strong>Wir weisen Sie insbesondere darauf hin, dass Sie der Verwendung Ihrer Daten zu werblichen Zwecken jederzeit widersprechen k\u00f6nnen, ohne dass hierf\u00fcr andere als die \u00dcbermittlungskosten nach den Basistarifen entstehen.<\/strong><\/p>\t\t\t\t\t\t<\/div>\n\t\t\t\t<\/div>\n\t\t\t\t\t<\/div>\n\t\t<\/div>\n\t\t\t\t\t\t\t<\/div>\n\t\t<\/section>\n\t\t\t\t\t\t<\/div>\n\t\t\t\t\t<\/div>\n\t\t","protected":false},"excerpt":{"rendered":"<p>Ausf\u00fchrliche Einwilligungserkl\u00e4rung und\u00a0Transparenzerkl\u00e4rung Einwilligungserkl\u00e4rung Bevor Sie an dem Jahresimpuls teilnehmen, lesen Sie stets folgenden Text: \u201eMit Ihrer freiwilligen Teilnahme an dem Jahresimpuls stimmen Sie zu, dass wir das Videokonferenztool Zoom einsetzen (vgl. unsere Risikohinweise in der Transparenzerkl\u00e4rung). Sie haben die M\u00f6glichkeit, die Ton- und\/oder Bild\u00fcbertrag durchgehend inaktiv zu lassen. Sofern Sie die Ton- und\/oder Bild\u00fcbertragung [&hellip;]<\/p>\n","protected":false},"author":4,"featured_media":0,"parent":0,"menu_order":0,"comment_status":"closed","ping_status":"closed","template":"blank","meta":[],"_links":{"self":[{"href":"https:\/\/mittelstandstag.bvmw.de\/index.php?rest_route=\/wp\/v2\/pages\/376"}],"collection":[{"href":"https:\/\/mittelstandstag.bvmw.de\/index.php?rest_route=\/wp\/v2\/pages"}],"about":[{"href":"https:\/\/mittelstandstag.bvmw.de\/index.php?rest_route=\/wp\/v2\/types\/page"}],"author":[{"embeddable":true,"href":"https:\/\/mittelstandstag.bvmw.de\/index.php?rest_route=\/wp\/v2\/users\/4"}],"replies":[{"embeddable":true,"href":"https:\/\/mittelstandstag.bvmw.de\/index.php?rest_route=%2Fwp%2Fv2%2Fcomments&post=376"}],"version-history":[{"count":17,"href":"https:\/\/mittelstandstag.bvmw.de\/index.php?rest_route=\/wp\/v2\/pages\/376\/revisions"}],"predecessor-version":[{"id":517,"href":"https:\/\/mittelstandstag.bvmw.de\/index.php?rest_route=\/wp\/v2\/pages\/376\/revisions\/517"}],"wp:attachment":[{"href":"https:\/\/mittelstandstag.bvmw.de\/index.php?rest_route=%2Fwp%2Fv2%2Fmedia&parent=376"}],"curies":[{"name":"wp","href":"https:\/\/api.w.org\/{rel}","templated":true}]}}